{"id":189,"date":"2021-09-14T10:58:16","date_gmt":"2021-09-14T08:58:16","guid":{"rendered":"https:\/\/www.sportcentrumrebo.nl\/?page_id=189"},"modified":"2026-01-12T16:25:14","modified_gmt":"2026-01-12T15:25:14","slug":"agenda","status":"publish","type":"page","link":"https:\/\/www.sportcentrumrebo.nl\/?page_id=189","title":{"rendered":"Agenda"},"content":{"rendered":"\n<p><span><mark style=\"background-color: rgba(0, 0, 0, 0);\" class=\"has-inline-color has-vivid-cyan-blue-color\"><b>Zaterdag 25 oktober 2025, REBO IV, Bodegraven <\/b><\/mark><\/span><\/p>\n\n\n\n<div class=\"wp-block-columns is-layout-flex wp-container-core-columns-is-layout-9d6595d7 wp-block-columns-is-layout-flex\">\n<div class=\"wp-block-column is-layout-flow wp-block-column-is-layout-flow\" style=\"flex-basis:66.66%\">\n<p>Zaterdag 25 oktober 2025 organiseren we ons eigen gala, ReBo IV! Het jeugdprogramma zit bomvol maar we zoeken nog C en B vechters voor het avondprogramma! Aanmelden kan via <a href=\"https:\/\/matchmaking-nederland.com\/nl\/events\/275\" data-type=\"link\" data-id=\"https:\/\/matchmaking-nederland.com\/nl\/events\/275\">deze link<\/a>. <\/p>\n\n\n\n<p>Check de poster voor de laatste info!<\/p>\n<\/div>\n\n\n\n<div class=\"wp-block-column is-layout-flow wp-block-column-is-layout-flow\" style=\"flex-basis:33.33%\">\n<figure class=\"wp-block-image size-large\"><img loading=\"lazy\" decoding=\"async\" width=\"726\" height=\"1024\" src=\"https:\/\/www.sportcentrumrebo.nl\/wp-content\/uploads\/2025\/09\/A3-poster-PDF-for-print_250818_094646-726x1024.jpg\" alt=\"\" class=\"wp-image-2024\" srcset=\"https:\/\/www.sportcentrumrebo.nl\/wp-content\/uploads\/2025\/09\/A3-poster-PDF-for-print_250818_094646-726x1024.jpg 726w, https:\/\/www.sportcentrumrebo.nl\/wp-content\/uploads\/2025\/09\/A3-poster-PDF-for-print_250818_094646-213x300.jpg 213w, https:\/\/www.sportcentrumrebo.nl\/wp-content\/uploads\/2025\/09\/A3-poster-PDF-for-print_250818_094646-768x1083.jpg 768w, https:\/\/www.sportcentrumrebo.nl\/wp-content\/uploads\/2025\/09\/A3-poster-PDF-for-print_250818_094646.jpg 1080w\" sizes=\"auto, (max-width: 726px) 100vw, 726px\" \/><\/figure>\n<\/div>\n<\/div>\n\n\n\n<p><span><mark style=\"background-color: rgba(0, 0, 0, 0);\" class=\"has-inline-color has-vivid-cyan-blue-color\"><b>Zaterdag 21 juni, Rings of Talents, Doetinchem<\/b><\/mark><\/span><\/p>\n\n\n\n<div class=\"wp-block-columns is-layout-flex wp-container-core-columns-is-layout-9d6595d7 wp-block-columns-is-layout-flex\">\n<div class=\"wp-block-column is-layout-flow wp-block-column-is-layout-flow\" style=\"flex-basis:66.66%\">\n<p>Zaterdag 21 juni zullen we het laatste gala van het seizoen draaien. Samen met jeugdvechters Faylin Koolmees, Rishi Narain, Timo Niese, Noah Ambari, Jade Koolmees, Y\u00e9lina Jasperse en Nieuweling vechter Kosta Omergali zullen we afreizen naar Doetinchem. Kaarten 30 euro aan de deur. Genoeg te zien dus reis mee! <\/p>\n<\/div>\n\n\n\n<div class=\"wp-block-column is-layout-flow wp-block-column-is-layout-flow\" style=\"flex-basis:33.33%\">\n<figure class=\"wp-block-image size-full\"><img loading=\"lazy\" decoding=\"async\" width=\"665\" height=\"468\" src=\"https:\/\/www.sportcentrumrebo.nl\/wp-content\/uploads\/2025\/07\/510369319_1307637434540155_7191442538585541385_n.jpg\" alt=\"\" class=\"wp-image-1926\" srcset=\"https:\/\/www.sportcentrumrebo.nl\/wp-content\/uploads\/2025\/07\/510369319_1307637434540155_7191442538585541385_n.jpg 665w, https:\/\/www.sportcentrumrebo.nl\/wp-content\/uploads\/2025\/07\/510369319_1307637434540155_7191442538585541385_n-300x211.jpg 300w\" sizes=\"auto, (max-width: 665px) 100vw, 665px\" \/><\/figure>\n<\/div>\n<\/div>\n\n\n\n<p><span><mark style=\"background-color: rgba(0, 0, 0, 0);\" class=\"has-inline-color has-vivid-cyan-blue-color\"><b>Zondag 1 juni, Vlaardingen <\/b><\/mark><\/span><\/p>\n\n\n\n<div class=\"wp-block-columns is-layout-flex wp-container-core-columns-is-layout-9d6595d7 wp-block-columns-is-layout-flex\">\n<div class=\"wp-block-column is-layout-flow wp-block-column-is-layout-flow\" style=\"flex-basis:66.66%\">\n<p>Zondag 1 juni zullen we afreizen naar Vlaardingen met vechters Timo Niese, Rishi Narain en Nisa Oktay. Helaas ging de partij van Nisa 17 mei niet door en zal ze hopelijk in Vlaardingen haar krachten laten zien! Kaarten aan de deur. <\/p>\n<\/div>\n\n\n\n<div class=\"wp-block-column is-layout-flow wp-block-column-is-layout-flow\" style=\"flex-basis:33.33%\">\n<figure class=\"wp-block-image size-large\"><img loading=\"lazy\" decoding=\"async\" width=\"768\" height=\"1024\" src=\"https:\/\/www.sportcentrumrebo.nl\/wp-content\/uploads\/2025\/07\/495004396_1269648011672431_8798590228765265029_n-768x1024.jpg\" alt=\"\" class=\"wp-image-1925\" srcset=\"https:\/\/www.sportcentrumrebo.nl\/wp-content\/uploads\/2025\/07\/495004396_1269648011672431_8798590228765265029_n-768x1024.jpg 768w, https:\/\/www.sportcentrumrebo.nl\/wp-content\/uploads\/2025\/07\/495004396_1269648011672431_8798590228765265029_n-225x300.jpg 225w, https:\/\/www.sportcentrumrebo.nl\/wp-content\/uploads\/2025\/07\/495004396_1269648011672431_8798590228765265029_n-1152x1536.jpg 1152w, https:\/\/www.sportcentrumrebo.nl\/wp-content\/uploads\/2025\/07\/495004396_1269648011672431_8798590228765265029_n.jpg 1200w\" sizes=\"auto, (max-width: 768px) 100vw, 768px\" \/><\/figure>\n<\/div>\n<\/div>\n\n\n\n<p><span><mark style=\"background-color: rgba(0, 0, 0, 0);\" class=\"has-inline-color has-vivid-cyan-blue-color\"><b>Zaterdag 17 mei, Local Heroes Wierden <\/b><\/mark><\/span><\/p>\n\n\n\n<div class=\"wp-block-columns is-layout-flex wp-container-core-columns-is-layout-9d6595d7 wp-block-columns-is-layout-flex\">\n<div class=\"wp-block-column is-layout-flow wp-block-column-is-layout-flow\" style=\"flex-basis:66.66%\">\n<p>Zaterdag 17 mei zullen we weer afreizen naar Wierden voor het Local Talents event. Vorig jaar waren we hier ook bij. Voorlopig staan gematcht: Nieuweling Kosta, jeugd Oussama, Timo, Jade, Y\u00e9lina en nieuwkomer Nisa Oktay! Nisa heeft drie demo&#8217;s gedraaid en is klaar voor het echte werk! <\/p>\n<\/div>\n\n\n\n<div class=\"wp-block-column is-layout-flow wp-block-column-is-layout-flow\" style=\"flex-basis:33.33%\">\n<figure class=\"wp-block-image size-large\"><img loading=\"lazy\" decoding=\"async\" width=\"768\" height=\"1024\" src=\"https:\/\/www.sportcentrumrebo.nl\/wp-content\/uploads\/2025\/04\/484354903_1210047581129438_1726626943173826496_n-768x1024.jpg\" alt=\"\" class=\"wp-image-1904\" srcset=\"https:\/\/www.sportcentrumrebo.nl\/wp-content\/uploads\/2025\/04\/484354903_1210047581129438_1726626943173826496_n-768x1024.jpg 768w, https:\/\/www.sportcentrumrebo.nl\/wp-content\/uploads\/2025\/04\/484354903_1210047581129438_1726626943173826496_n-225x300.jpg 225w, https:\/\/www.sportcentrumrebo.nl\/wp-content\/uploads\/2025\/04\/484354903_1210047581129438_1726626943173826496_n.jpg 960w\" sizes=\"auto, (max-width: 768px) 100vw, 768px\" \/><\/figure>\n<\/div>\n<\/div>\n\n\n\n<p><span><mark style=\"background-color: rgba(0, 0, 0, 0);\" class=\"has-inline-color has-vivid-cyan-blue-color\"><b>Zaterdag 26 april, Don&#8217;t Quit, Goch Duitsland<\/b><\/mark><\/span><\/p>\n\n\n\n<div class=\"wp-block-columns is-layout-flex wp-container-core-columns-is-layout-9d6595d7 wp-block-columns-is-layout-flex\">\n<div class=\"wp-block-column is-layout-flow wp-block-column-is-layout-flow\" style=\"flex-basis:66.66%\">\n<p>Zaterdag 26 april reizen we met 4 vechters af naar Duitsland. Ginaro Dogterom zal zijn 2e C-partij gaan draaien. Steffany Holswilder zal haar eerste N-Partij draaien en Oussama Ahrouch en Jade Koolmees vechten een jeugdpartij naar het hoofd. <\/p>\n\n\n\n<p>Kaarten regel je zelf via internet. Reis mee en moedig onze toppers aan!<\/p>\n<\/div>\n\n\n\n<div class=\"wp-block-column is-layout-flow wp-block-column-is-layout-flow\" style=\"flex-basis:33.33%\">\n<figure class=\"wp-block-image size-large\"><img loading=\"lazy\" decoding=\"async\" width=\"819\" height=\"1024\" src=\"https:\/\/www.sportcentrumrebo.nl\/wp-content\/uploads\/2025\/04\/487485437_122221020584222804_3061200400691232759_n-819x1024.jpg\" alt=\"\" class=\"wp-image-1905\" srcset=\"https:\/\/www.sportcentrumrebo.nl\/wp-content\/uploads\/2025\/04\/487485437_122221020584222804_3061200400691232759_n-819x1024.jpg 819w, https:\/\/www.sportcentrumrebo.nl\/wp-content\/uploads\/2025\/04\/487485437_122221020584222804_3061200400691232759_n-240x300.jpg 240w, https:\/\/www.sportcentrumrebo.nl\/wp-content\/uploads\/2025\/04\/487485437_122221020584222804_3061200400691232759_n-768x960.jpg 768w, https:\/\/www.sportcentrumrebo.nl\/wp-content\/uploads\/2025\/04\/487485437_122221020584222804_3061200400691232759_n.jpg 1080w\" sizes=\"auto, (max-width: 819px) 100vw, 819px\" \/><\/figure>\n<\/div>\n<\/div>\n\n\n\n<p><span><mark style=\"background-color: rgba(0, 0, 0, 0);\" class=\"has-inline-color has-vivid-cyan-blue-color\"><b>Zaterdag 12 april, Enfusion Dordrecht <\/b><\/mark><\/span><\/p>\n\n\n\n<div class=\"wp-block-columns is-layout-flex wp-container-core-columns-is-layout-9d6595d7 wp-block-columns-is-layout-flex\">\n<div class=\"wp-block-column is-layout-flow wp-block-column-is-layout-flow\" style=\"flex-basis:66.66%\">\n<p>Een droom komt uit: Jade Koolmees zal 12 april vechten op Enfusion Dordrecht. Kaarten zijn via internet te bestellen. Wees er snel bij want op is op. <\/p>\n<\/div>\n\n\n\n<div class=\"wp-block-column is-layout-flow wp-block-column-is-layout-flow\" style=\"flex-basis:33.33%\">\n<figure class=\"wp-block-image size-large\"><img loading=\"lazy\" decoding=\"async\" width=\"1024\" height=\"683\" src=\"https:\/\/www.sportcentrumrebo.nl\/wp-content\/uploads\/2025\/04\/490566545_1248536883783544_6609605425892659878_n-1024x683.jpg\" alt=\"\" class=\"wp-image-1901\" srcset=\"https:\/\/www.sportcentrumrebo.nl\/wp-content\/uploads\/2025\/04\/490566545_1248536883783544_6609605425892659878_n-1024x683.jpg 1024w, https:\/\/www.sportcentrumrebo.nl\/wp-content\/uploads\/2025\/04\/490566545_1248536883783544_6609605425892659878_n-300x200.jpg 300w, https:\/\/www.sportcentrumrebo.nl\/wp-content\/uploads\/2025\/04\/490566545_1248536883783544_6609605425892659878_n-768x512.jpg 768w, https:\/\/www.sportcentrumrebo.nl\/wp-content\/uploads\/2025\/04\/490566545_1248536883783544_6609605425892659878_n.jpg 1080w\" sizes=\"auto, (max-width: 1024px) 100vw, 1024px\" \/><\/figure>\n<\/div>\n<\/div>\n\n\n\n<p><span><mark style=\"background-color: rgba(0, 0, 0, 0);\" class=\"has-inline-color has-vivid-cyan-blue-color\"><b>Zaterdag 15 maart 2025, Road 2 Victory, Volendam <\/b><\/mark><\/span><\/p>\n\n\n\n<div class=\"wp-block-columns is-layout-flex wp-container-core-columns-is-layout-9d6595d7 wp-block-columns-is-layout-flex\">\n<div class=\"wp-block-column is-layout-flow wp-block-column-is-layout-flow\" style=\"flex-basis:66.66%\">\n<p>Ook tijdens de Ramadan gaan we door. 15 maart staan de volgende jeugdvechters, voorlopig, gematcht: <\/p>\n\n\n\n<p>Jade Koolmees, Faylin Koolmees, Rishi Narain en Timo Niese. Reis met ons mee en moedig je favoriete vechter aan! Kaarten via <a href=\"https:\/\/l.facebook.com\/l.php?u=http%3A%2F%2Fwww.road2victory.nl%2F%3Ffbclid%3DIwZXh0bgNhZW0CMTAAAR3EApye27OluIYb_5rIWLS1QjMMcp1joZvx7g6ONipVSkOfyZIFdOEgvr8_aem_oNcGiVkTuvolBshWGH85Ng&amp;h=AT1hlVT5PCAItWZADr-mGWfnwfJiDRYrMUw6ed8O_2LtH3u447JokBjwpxwHldIUtUw3tjyhpheYGNYgh4kyqlPx_gX7GApNiMoMr7dY3GCb9rNz4rgcgEdRf_vVdOjAOWi4&amp;__tn__=-UK-R&amp;c[0]=AT3X-yTw_oKXP-tb1DBKtBuIpAS5V65cciU-6Z39sSZbkJVZuAhWpIZXmizDS6oRukgfogxAOfqlBcX2BrTFAYlXo1DdkSBsmsIx8Pms1GCKPz06VxUYclJ3LB6IPuZdbbv57lKPb1-jbaegblzY6GIMdR9S7fooBNjxG0xcGjkzelPb5O8yUZdpYLqAiWHS\" data-type=\"link\" data-id=\"https:\/\/l.facebook.com\/l.php?u=http%3A%2F%2Fwww.road2victory.nl%2F%3Ffbclid%3DIwZXh0bgNhZW0CMTAAAR3EApye27OluIYb_5rIWLS1QjMMcp1joZvx7g6ONipVSkOfyZIFdOEgvr8_aem_oNcGiVkTuvolBshWGH85Ng&amp;h=AT1hlVT5PCAItWZADr-mGWfnwfJiDRYrMUw6ed8O_2LtH3u447JokBjwpxwHldIUtUw3tjyhpheYGNYgh4kyqlPx_gX7GApNiMoMr7dY3GCb9rNz4rgcgEdRf_vVdOjAOWi4&amp;__tn__=-UK-R&amp;c[0]=AT3X-yTw_oKXP-tb1DBKtBuIpAS5V65cciU-6Z39sSZbkJVZuAhWpIZXmizDS6oRukgfogxAOfqlBcX2BrTFAYlXo1DdkSBsmsIx8Pms1GCKPz06VxUYclJ3LB6IPuZdbbv57lKPb1-jbaegblzY6GIMdR9S7fooBNjxG0xcGjkzelPb5O8yUZdpYLqAiWHS\">deze link<\/a><\/p>\n<\/div>\n\n\n\n<div class=\"wp-block-column is-layout-flow wp-block-column-is-layout-flow\" style=\"flex-basis:33.33%\">\n<figure class=\"wp-block-image size-full\"><img loading=\"lazy\" decoding=\"async\" width=\"201\" height=\"251\" src=\"https:\/\/www.sportcentrumrebo.nl\/wp-content\/uploads\/2025\/02\/images.jpg\" alt=\"\" class=\"wp-image-1869\"\/><\/figure>\n<\/div>\n<\/div>\n\n\n\n<p><span><mark style=\"background-color: rgba(0, 0, 0, 0);\" class=\"has-inline-color has-vivid-cyan-blue-color\"><b>Zondag 23 februari 2025, Heresh XL Dordrecht <\/b><\/mark><\/span><\/p>\n\n\n\n<div class=\"wp-block-columns is-layout-flex wp-container-core-columns-is-layout-9d6595d7 wp-block-columns-is-layout-flex\">\n<div class=\"wp-block-column is-layout-flow wp-block-column-is-layout-flow\" style=\"flex-basis:66.66%\">\n<p>Na een lange tijd heeft Steffany Holswilder weer een match te pakken. Zondag 23 februari zal ze uitkomen voor ReBo op het XL gala van Fight Team Heresh in Dordrecht. <\/p>\n\n\n\n<p>Ook Oussama Ahrouch zal vechten voor ReBo en Ginaro Dogetrom vecht zijn eerste C-Klasse partij! <\/p>\n\n\n\n<p>Kaarten via internet, wees er snel bij want op = op!<\/p>\n<\/div>\n\n\n\n<div class=\"wp-block-column is-layout-flow wp-block-column-is-layout-flow\" style=\"flex-basis:33.33%\">\n<figure class=\"wp-block-image size-full\"><img loading=\"lazy\" decoding=\"async\" width=\"400\" height=\"400\" src=\"https:\/\/www.sportcentrumrebo.nl\/wp-content\/uploads\/2025\/02\/cropped-logo.png\" alt=\"\" class=\"wp-image-1866\" srcset=\"https:\/\/www.sportcentrumrebo.nl\/wp-content\/uploads\/2025\/02\/cropped-logo.png 400w, https:\/\/www.sportcentrumrebo.nl\/wp-content\/uploads\/2025\/02\/cropped-logo-300x300.png 300w, https:\/\/www.sportcentrumrebo.nl\/wp-content\/uploads\/2025\/02\/cropped-logo-150x150.png 150w\" sizes=\"auto, (max-width: 400px) 100vw, 400px\" \/><\/figure>\n<\/div>\n<\/div>\n\n\n\n<p><span><mark style=\"background-color: rgba(0, 0, 0, 0);\" class=\"has-inline-color has-vivid-cyan-blue-color\"><b>Zaterdag 15 februari 2025, demodag Nieuwkuijk<\/b><\/mark><\/span><\/p>\n\n\n\n<div class=\"wp-block-columns is-layout-flex wp-container-core-columns-is-layout-9d6595d7 wp-block-columns-is-layout-flex\">\n<div class=\"wp-block-column is-layout-flow wp-block-column-is-layout-flow\" style=\"flex-basis:66.66%\">\n<p>De vorige demodag was zo&#8217;n groot succes dat er nog meer leden enthousiast zijn geraakt. Het was even zoeken maar Patrick heeft er \u00e9\u00e9n gevonden en zaterdag 15 februari zullen we met 9 vechters afreizen naar Nieuwkuijk. <\/p>\n\n\n\n<p>Fiene van Os, Roxanna van Ankeren, Matthijs van Overvliet, Nisa Oktay en Giovanni van Delft zullen hun 2e (of zelfs al 3e!) demo draaien. Noah Ambari, Yanay en Marinko van Broekhorst zullen hun eerste demo draaien. Voor Lalla Ifrandi en Zayd Ambari zijn we nog hard op zoek! <br><br>Entree 15 euro aan de deur! <\/p>\n<\/div>\n\n\n\n<div class=\"wp-block-column is-layout-flow wp-block-column-is-layout-flow\" style=\"flex-basis:33.33%\">\n<figure class=\"wp-block-image size-large\"><img loading=\"lazy\" decoding=\"async\" width=\"731\" height=\"1024\" src=\"https:\/\/www.sportcentrumrebo.nl\/wp-content\/uploads\/2025\/02\/clubgala-2025-731x1024.jpeg\" alt=\"\" class=\"wp-image-1863\" srcset=\"https:\/\/www.sportcentrumrebo.nl\/wp-content\/uploads\/2025\/02\/clubgala-2025-731x1024.jpeg 731w, https:\/\/www.sportcentrumrebo.nl\/wp-content\/uploads\/2025\/02\/clubgala-2025-214x300.jpeg 214w, https:\/\/www.sportcentrumrebo.nl\/wp-content\/uploads\/2025\/02\/clubgala-2025-768x1076.jpeg 768w, https:\/\/www.sportcentrumrebo.nl\/wp-content\/uploads\/2025\/02\/clubgala-2025-1096x1536.jpeg 1096w, https:\/\/www.sportcentrumrebo.nl\/wp-content\/uploads\/2025\/02\/clubgala-2025.jpeg 1142w\" sizes=\"auto, (max-width: 731px) 100vw, 731px\" \/><\/figure>\n<\/div>\n<\/div>\n\n\n\n<p><span><mark style=\"background-color: rgba(0, 0, 0, 0);\" class=\"has-inline-color has-vivid-cyan-blue-color\"><b>Zaterdag 25 januari 2025, New Legends Woerden <\/b><\/mark><\/span><\/p>\n\n\n\n<div class=\"wp-block-columns is-layout-flex wp-container-core-columns-is-layout-9d6595d7 wp-block-columns-is-layout-flex\">\n<div class=\"wp-block-column is-layout-flow wp-block-column-is-layout-flow\" style=\"flex-basis:66.66%\">\n<p>25 januari vechten Safouane Ahrazi, Ginaro Dogterom en Oussama Ahrouch op het New Legends Fightevent in Woerden! Woerden is om de hoek, dus laten we met een grote schare fans afreizen en ReBo goed op de kaart zetten!<\/p>\n\n\n\n<p>Koop je kaarten (tribune) snel via:<\/p>\n\n\n\n<p><a href=\"https:\/\/matchmakingnederland.nl\/nl\/events\/152\/tickets...\">https:\/\/matchmakingnederland.nl\/nl\/events\/152\/tickets&#8230;<\/a><\/p>\n<\/div>\n\n\n\n<div class=\"wp-block-column is-layout-flow wp-block-column-is-layout-flow\" style=\"flex-basis:33.33%\">\n<figure class=\"wp-block-image size-large\"><img loading=\"lazy\" decoding=\"async\" width=\"879\" height=\"1024\" src=\"https:\/\/www.sportcentrumrebo.nl\/wp-content\/uploads\/2024\/12\/469790821_1145781560725744_7222521196475114063_n-879x1024.jpg\" alt=\"\" class=\"wp-image-1854\" srcset=\"https:\/\/www.sportcentrumrebo.nl\/wp-content\/uploads\/2024\/12\/469790821_1145781560725744_7222521196475114063_n-879x1024.jpg 879w, https:\/\/www.sportcentrumrebo.nl\/wp-content\/uploads\/2024\/12\/469790821_1145781560725744_7222521196475114063_n-257x300.jpg 257w, https:\/\/www.sportcentrumrebo.nl\/wp-content\/uploads\/2024\/12\/469790821_1145781560725744_7222521196475114063_n-768x895.jpg 768w, https:\/\/www.sportcentrumrebo.nl\/wp-content\/uploads\/2024\/12\/469790821_1145781560725744_7222521196475114063_n.jpg 945w\" sizes=\"auto, (max-width: 879px) 100vw, 879px\" \/><\/figure>\n<\/div>\n<\/div>\n\n\n\n<p><span><mark style=\"background-color: rgba(0, 0, 0, 0);\" class=\"has-inline-color has-vivid-cyan-blue-color\"><b>Zaterdag 7 december, Hoogeveen Fight Night! <\/b><\/mark><\/span><\/p>\n\n\n\n<div class=\"wp-block-columns is-layout-flex wp-container-core-columns-is-layout-9d6595d7 wp-block-columns-is-layout-flex\">\n<div class=\"wp-block-column is-layout-flow wp-block-column-is-layout-flow\" style=\"flex-basis:66.66%\">\n<p>Zaterdag 7 november reizen we wederom met een flinke groep vechters en fans af naar Hoogeveen voor een gala. <\/p>\n\n\n\n<p>Jeugd: Oussama Ahrouch, Rishi Narain, Timo Niese, Martin de Kamper, Jade Koolmees, Y\u00e9lina Jasperse, Steffany Holswilder, Faylin Koolmees<\/p>\n\n\n\n<p>Nieuweling: Abdessalam Oualit, Ginaro Dogterom<\/p>\n\n\n\n<p>Het programma is verdeeld in twee delen, jeugd en volwassenen. Patrick heeft combitickets kunnen regelen dus wees er snel bij! <\/p>\n\n\n\n<p><mark style=\"background-color:rgba(0, 0, 0, 0)\" class=\"has-inline-color has-vivid-red-color\">De kaarten zijn inmiddels uitverkocht!<\/mark><\/p>\n<\/div>\n\n\n\n<div class=\"wp-block-column is-layout-flow wp-block-column-is-layout-flow\" style=\"flex-basis:33.33%\">\n<figure class=\"wp-block-image size-large\"><img loading=\"lazy\" decoding=\"async\" width=\"724\" height=\"1024\" src=\"https:\/\/www.sportcentrumrebo.nl\/wp-content\/uploads\/2024\/12\/468642973_122096196272654303_4003267414082084133_n-724x1024.jpg\" alt=\"\" class=\"wp-image-1834\" srcset=\"https:\/\/www.sportcentrumrebo.nl\/wp-content\/uploads\/2024\/12\/468642973_122096196272654303_4003267414082084133_n-724x1024.jpg 724w, https:\/\/www.sportcentrumrebo.nl\/wp-content\/uploads\/2024\/12\/468642973_122096196272654303_4003267414082084133_n-212x300.jpg 212w, https:\/\/www.sportcentrumrebo.nl\/wp-content\/uploads\/2024\/12\/468642973_122096196272654303_4003267414082084133_n-768x1086.jpg 768w, https:\/\/www.sportcentrumrebo.nl\/wp-content\/uploads\/2024\/12\/468642973_122096196272654303_4003267414082084133_n-1086x1536.jpg 1086w, https:\/\/www.sportcentrumrebo.nl\/wp-content\/uploads\/2024\/12\/468642973_122096196272654303_4003267414082084133_n.jpg 1131w\" sizes=\"auto, (max-width: 724px) 100vw, 724px\" \/><\/figure>\n<\/div>\n<\/div>\n\n\n\n<p><span><mark style=\"background-color: rgba(0, 0, 0, 0);\" class=\"has-inline-color has-vivid-cyan-blue-color\"><b>Zaterdag 9 november, zondag 10 november: Mattiz Gym Nijmegen<\/b><\/mark><\/span><\/p>\n\n\n\n<div class=\"wp-block-columns is-layout-flex wp-container-core-columns-is-layout-9d6595d7 wp-block-columns-is-layout-flex\">\n<div class=\"wp-block-column is-layout-flow wp-block-column-is-layout-flow\" style=\"flex-basis:66.66%\">\n<p>Zaterdag 9 november zullen we met onze jeugd- en nieuweling vechter(s) afreizen naar Nijmegen! Gematcht staan bij de jeugd: Oussama Ahrouch (debuut), Rishi Narain, Timo Niese, Marin de Kamper, Y\u00e9lina Jasperse, Faylin Koolmees en Jade Koolmees. Ginaro Dogetrom vecht zijn 2e N partij!<\/p>\n\n\n\n<p>Zondag 10 november nemen we deel aan de demodag, ook bij Mattiz in Nijmegen. Gematcht daar staan: Fiene van Os, Jera van der Horst, Giovanni van Delft, Matthijs Overvliet, Dinant Stolk, Nisa Oktay, Lalla Ifrandi. <\/p>\n\n\n\n<p>Kaarten aan de deur <\/p>\n\n\n\n<p><\/p>\n<\/div>\n\n\n\n<div class=\"wp-block-column is-layout-flow wp-block-column-is-layout-flow\" style=\"flex-basis:33.33%\">\n<figure class=\"wp-block-image size-large\"><img loading=\"lazy\" decoding=\"async\" width=\"730\" height=\"1024\" src=\"https:\/\/www.sportcentrumrebo.nl\/wp-content\/uploads\/2024\/12\/464108375_1108176607819573_988268239884112305_n-730x1024.jpg\" alt=\"\" class=\"wp-image-1831\" srcset=\"https:\/\/www.sportcentrumrebo.nl\/wp-content\/uploads\/2024\/12\/464108375_1108176607819573_988268239884112305_n-730x1024.jpg 730w, https:\/\/www.sportcentrumrebo.nl\/wp-content\/uploads\/2024\/12\/464108375_1108176607819573_988268239884112305_n-214x300.jpg 214w, https:\/\/www.sportcentrumrebo.nl\/wp-content\/uploads\/2024\/12\/464108375_1108176607819573_988268239884112305_n-768x1078.jpg 768w, https:\/\/www.sportcentrumrebo.nl\/wp-content\/uploads\/2024\/12\/464108375_1108176607819573_988268239884112305_n-1094x1536.jpg 1094w, https:\/\/www.sportcentrumrebo.nl\/wp-content\/uploads\/2024\/12\/464108375_1108176607819573_988268239884112305_n.jpg 1140w\" sizes=\"auto, (max-width: 730px) 100vw, 730px\" \/><\/figure>\n<\/div>\n<\/div>\n\n\n\n<p><span><mark style=\"background-color: rgba(0, 0, 0, 0);\" class=\"has-inline-color has-vivid-cyan-blue-color\"><b>Zondag 20 oktober, Legacy Fight Event Vlaardingen <\/b><\/mark><\/span><\/p>\n\n\n\n<div class=\"wp-block-columns is-layout-flex wp-container-core-columns-is-layout-9d6595d7 wp-block-columns-is-layout-flex\">\n<div class=\"wp-block-column is-layout-flow wp-block-column-is-layout-flow\" style=\"flex-basis:66.66%\">\n<p>Vorig jaar is dit gala in Vlaardingen zo goed bevallen dat we ons dit jaar weer aangemeld hebben. De voorlopige matchmaking geeft de volgende vechters door: Martin de Kamper, Rishi Narain, Timo &#8211; de dino &#8211; Niese, Jordan de Heij en Faylin Koolmees. Kaarten 20 euro voor het jeugdprogramma, deuren open 11:00u, start gala 11:30u! Kaarten via Patrick of aan de deur. <\/p>\n\n\n\n<p><\/p>\n<\/div>\n\n\n\n<div class=\"wp-block-column is-layout-flow wp-block-column-is-layout-flow\" style=\"flex-basis:33.33%\">\n<figure class=\"wp-block-image size-full\"><img loading=\"lazy\" decoding=\"async\" width=\"707\" height=\"1000\" src=\"https:\/\/www.sportcentrumrebo.nl\/wp-content\/uploads\/2024\/09\/459952859_1078994837404417_3045643316333679366_n.jpg\" alt=\"\" class=\"wp-image-1794\" srcset=\"https:\/\/www.sportcentrumrebo.nl\/wp-content\/uploads\/2024\/09\/459952859_1078994837404417_3045643316333679366_n.jpg 707w, https:\/\/www.sportcentrumrebo.nl\/wp-content\/uploads\/2024\/09\/459952859_1078994837404417_3045643316333679366_n-212x300.jpg 212w\" sizes=\"auto, (max-width: 707px) 100vw, 707px\" \/><\/figure>\n<\/div>\n<\/div>\n\n\n\n<p><span><mark style=\"background-color: rgba(0, 0, 0, 0);\" class=\"has-inline-color has-vivid-cyan-blue-color\"><b>Zaterdag 19 oktober, Brutal Fights Den Haag<\/b><\/mark><\/span><\/p>\n\n\n\n<div class=\"wp-block-columns is-layout-flex wp-container-core-columns-is-layout-9d6595d7 wp-block-columns-is-layout-flex\">\n<div class=\"wp-block-column is-layout-flow wp-block-column-is-layout-flow\" style=\"flex-basis:66.66%\">\n<p>Zaterdag 19 oktober zal Steffany Holswilder uitkomen voor Sportcentrum ReBo. Ze heeft hard getraind dus het beloofd een knalpartij te worden. <\/p>\n\n\n\n<p><mark style=\"background-color:rgba(0, 0, 0, 0)\" class=\"has-inline-color has-vivid-red-color\">Update: Helaas is door afmelding tegenpartij deze partij niet doorgegaan.<\/mark><\/p>\n<\/div>\n\n\n\n<div class=\"wp-block-column is-layout-flow wp-block-column-is-layout-flow\" style=\"flex-basis:33.33%\">\n<figure class=\"wp-block-image size-large\"><img loading=\"lazy\" decoding=\"async\" width=\"820\" height=\"1024\" src=\"https:\/\/www.sportcentrumrebo.nl\/wp-content\/uploads\/2024\/09\/454695627_18425438593068959_6069827219354027745_n-820x1024.jpg\" alt=\"\" class=\"wp-image-1795\" srcset=\"https:\/\/www.sportcentrumrebo.nl\/wp-content\/uploads\/2024\/09\/454695627_18425438593068959_6069827219354027745_n-820x1024.jpg 820w, https:\/\/www.sportcentrumrebo.nl\/wp-content\/uploads\/2024\/09\/454695627_18425438593068959_6069827219354027745_n-240x300.jpg 240w, https:\/\/www.sportcentrumrebo.nl\/wp-content\/uploads\/2024\/09\/454695627_18425438593068959_6069827219354027745_n-768x960.jpg 768w, https:\/\/www.sportcentrumrebo.nl\/wp-content\/uploads\/2024\/09\/454695627_18425438593068959_6069827219354027745_n.jpg 1030w\" sizes=\"auto, (max-width: 820px) 100vw, 820px\" \/><\/figure>\n<\/div>\n<\/div>\n\n\n\n<p><span><mark style=\"background-color: rgba(0, 0, 0, 0);\" class=\"has-inline-color has-vivid-cyan-blue-color\"><b>Zaterdag 12 oktober, Enfusion Nijmegen <\/b><\/mark><\/span><\/p>\n\n\n\n<div class=\"wp-block-columns is-layout-flex wp-container-core-columns-is-layout-9d6595d7 wp-block-columns-is-layout-flex\">\n<div class=\"wp-block-column is-layout-flow wp-block-column-is-layout-flow\" style=\"flex-basis:66.66%\">\n<p>Zaterdag 12 oktober 2024 zal Safouane Ahrazi de ring weer betreden voor mogelijk \u00e9\u00e9n van zijn laatste N-partijen. Kaarten zijn 55 euro en verkrijgbaar via Sa\u00efd. Deze kun je v\u00f3\u00f3r 29 september reserveren; wees op tijd want op = op! <\/p>\n<\/div>\n\n\n\n<div class=\"wp-block-column is-layout-flow wp-block-column-is-layout-flow\" style=\"flex-basis:33.33%\">\n<figure class=\"wp-block-image size-large\"><img loading=\"lazy\" decoding=\"async\" width=\"792\" height=\"791\" src=\"https:\/\/www.sportcentrumrebo.nl\/wp-content\/uploads\/2024\/09\/460944314_1084759653494602_6449954331825335082_n-edited.jpg\" alt=\"\" class=\"wp-image-1791\" srcset=\"https:\/\/www.sportcentrumrebo.nl\/wp-content\/uploads\/2024\/09\/460944314_1084759653494602_6449954331825335082_n-edited.jpg 792w, https:\/\/www.sportcentrumrebo.nl\/wp-content\/uploads\/2024\/09\/460944314_1084759653494602_6449954331825335082_n-edited-300x300.jpg 300w, https:\/\/www.sportcentrumrebo.nl\/wp-content\/uploads\/2024\/09\/460944314_1084759653494602_6449954331825335082_n-edited-150x150.jpg 150w, https:\/\/www.sportcentrumrebo.nl\/wp-content\/uploads\/2024\/09\/460944314_1084759653494602_6449954331825335082_n-edited-768x767.jpg 768w\" sizes=\"auto, (max-width: 792px) 100vw, 792px\" \/><\/figure>\n<\/div>\n<\/div>\n\n\n\n<p><span><mark style=\"background-color: rgba(0, 0, 0, 0);\" class=\"has-inline-color has-vivid-cyan-blue-color\"><b>Zondag 6 oktober, NMF, Zierikzee<\/b><\/mark><\/span><\/p>\n\n\n\n<div class=\"wp-block-columns is-layout-flex wp-container-core-columns-is-layout-9d6595d7 wp-block-columns-is-layout-flex\">\n<div class=\"wp-block-column is-layout-flow wp-block-column-is-layout-flow\" style=\"flex-basis:66.66%\">\n<p>Zondag 6 oktober wordt het hard werken voor Team ReBo. Met 6 jeugdleden en 1 nieuweling partij reizen we af naar Zierikzee. Vanuit de jeugd zijn de volgende vechters gematcht: Rishi Narain, Timo Niese, Martin de Kamper, Jade Koolmees, Y\u00e9lina Jasperse en Faylin Koolmees. Ginaro Dogtrum zal zijn eerste N-partij draaien voor ReBo. Kortom: Genoeg te zien! Kaarten zijn verkrijgbaar via Patrick en gaan hard!<\/p>\n<\/div>\n\n\n\n<div class=\"wp-block-column is-layout-flow wp-block-column-is-layout-flow\" style=\"flex-basis:33.33%\">\n<figure class=\"wp-block-image size-large\"><img loading=\"lazy\" decoding=\"async\" width=\"1024\" height=\"874\" src=\"https:\/\/www.sportcentrumrebo.nl\/wp-content\/uploads\/2024\/09\/WhatsApp-Image-2024-09-09-at-19.34.45-1024x874.jpeg\" alt=\"\" class=\"wp-image-1738\" srcset=\"https:\/\/www.sportcentrumrebo.nl\/wp-content\/uploads\/2024\/09\/WhatsApp-Image-2024-09-09-at-19.34.45-1024x874.jpeg 1024w, https:\/\/www.sportcentrumrebo.nl\/wp-content\/uploads\/2024\/09\/WhatsApp-Image-2024-09-09-at-19.34.45-300x256.jpeg 300w, https:\/\/www.sportcentrumrebo.nl\/wp-content\/uploads\/2024\/09\/WhatsApp-Image-2024-09-09-at-19.34.45-768x655.jpeg 768w, https:\/\/www.sportcentrumrebo.nl\/wp-content\/uploads\/2024\/09\/WhatsApp-Image-2024-09-09-at-19.34.45.jpeg 1364w\" sizes=\"auto, (max-width: 1024px) 100vw, 1024px\" \/><\/figure>\n<\/div>\n<\/div>\n\n\n\n<p><span><mark style=\"background-color: rgba(0, 0, 0, 0);\" class=\"has-inline-color has-vivid-cyan-blue-color\"><b>Maandag 30 september Open Proefles &#8211; Ladies Only! <\/b><\/mark><\/span><\/p>\n\n\n\n<div class=\"wp-block-columns is-layout-flex wp-container-core-columns-is-layout-9d6595d7 wp-block-columns-is-layout-flex\">\n<div class=\"wp-block-column is-layout-flow wp-block-column-is-layout-flow\" style=\"flex-basis:66.66%\">\n<p>Vanuit Sport en Welzijn Bodegraven-Reeuwijk kwam er een verzoek; of wij konden voldoen aan een sport- en beweegvraag. Namelijk Ladies Only Kickboksen. Het was even puzzelen maar met veel enthousiasme willen we jullie op de hoogte brengen van onze pilot. Maandag 30 september is het open huis en kan elke dame (18+) uit Bodegraven een gratis proefles komen volgen. De pilot bestaat vervolgens uit 10 lessen, tot de kerstvakantie, en kost 75 euro in totaal. Mocht de pilot van alle kanten bevallen, dan gaan we hier zeker mee door! Hoort zegt het voort! <\/p>\n<\/div>\n\n\n\n<div class=\"wp-block-column is-layout-flow wp-block-column-is-layout-flow\" style=\"flex-basis:33.33%\">\n<figure class=\"wp-block-image size-large\"><img loading=\"lazy\" decoding=\"async\" width=\"726\" height=\"1024\" src=\"https:\/\/www.sportcentrumrebo.nl\/wp-content\/uploads\/2024\/09\/WhatsApp-Image-2024-09-09-at-19.35.04-726x1024.jpeg\" alt=\"\" class=\"wp-image-1743\" srcset=\"https:\/\/www.sportcentrumrebo.nl\/wp-content\/uploads\/2024\/09\/WhatsApp-Image-2024-09-09-at-19.35.04-726x1024.jpeg 726w, https:\/\/www.sportcentrumrebo.nl\/wp-content\/uploads\/2024\/09\/WhatsApp-Image-2024-09-09-at-19.35.04-213x300.jpeg 213w, https:\/\/www.sportcentrumrebo.nl\/wp-content\/uploads\/2024\/09\/WhatsApp-Image-2024-09-09-at-19.35.04-768x1083.jpeg 768w, https:\/\/www.sportcentrumrebo.nl\/wp-content\/uploads\/2024\/09\/WhatsApp-Image-2024-09-09-at-19.35.04-1090x1536.jpeg 1090w, https:\/\/www.sportcentrumrebo.nl\/wp-content\/uploads\/2024\/09\/WhatsApp-Image-2024-09-09-at-19.35.04.jpeg 1240w\" sizes=\"auto, (max-width: 726px) 100vw, 726px\" \/><\/figure>\n<\/div>\n<\/div>\n\n\n\n<p><span><mark style=\"background-color: rgba(0, 0, 0, 0);\" class=\"has-inline-color has-vivid-cyan-blue-color\"><b>Zaterdag 6 juli, Fightvalley II, Hardenberg  <\/b><\/mark><\/span><\/p>\n\n\n\n<div class=\"wp-block-columns is-layout-flex wp-container-core-columns-is-layout-9d6595d7 wp-block-columns-is-layout-flex\">\n<div class=\"wp-block-column is-layout-flow wp-block-column-is-layout-flow\" style=\"flex-basis:66.66%\">\n<p>Op het laatste gala voor de zomervakantie zullen bijna al onze jeugdvechters de ring betreden. Ook staat Safouana Ahrazi gematcht voor een N-Partij (zie poster). <\/p>\n\n\n\n<p>Martin de Kamper, Jordan de Heij, Timo Niese, Rishi Narain, Y\u00e9lina Jasperse, Jade Koolmees en Faylin Koolmees zullen ook uitkomen voor ReBo. Kaarten zijn verkrijgbaar via voorverkoop voor 20 euro, aan de deur kosten ze 25 euro. Geef snel door aan Patrick met hoeveel mensen je mee wilt zodat we kaarten kunnen reserveren en je zeker bent van een plekje! <\/p>\n<\/div>\n\n\n\n<div class=\"wp-block-column is-layout-flow wp-block-column-is-layout-flow\" style=\"flex-basis:33.33%\">\n<figure class=\"wp-block-image size-large\"><img loading=\"lazy\" decoding=\"async\" width=\"819\" height=\"1024\" src=\"https:\/\/www.sportcentrumrebo.nl\/wp-content\/uploads\/2024\/06\/448353119_1012128394091062_7051878258482075641_n-819x1024.jpg\" alt=\"\" class=\"wp-image-1720\" srcset=\"https:\/\/www.sportcentrumrebo.nl\/wp-content\/uploads\/2024\/06\/448353119_1012128394091062_7051878258482075641_n-819x1024.jpg 819w, https:\/\/www.sportcentrumrebo.nl\/wp-content\/uploads\/2024\/06\/448353119_1012128394091062_7051878258482075641_n-240x300.jpg 240w, https:\/\/www.sportcentrumrebo.nl\/wp-content\/uploads\/2024\/06\/448353119_1012128394091062_7051878258482075641_n-768x960.jpg 768w, https:\/\/www.sportcentrumrebo.nl\/wp-content\/uploads\/2024\/06\/448353119_1012128394091062_7051878258482075641_n.jpg 1024w\" sizes=\"auto, (max-width: 819px) 100vw, 819px\" \/><\/figure>\n<\/div>\n<\/div>\n\n\n\n<p><span><mark style=\"background-color: rgba(0, 0, 0, 0);\" class=\"has-inline-color has-vivid-cyan-blue-color\"><b>Zondag 23 juni, Clubkampioenschappen Mattiz Gym, Nijmegen  <\/b><\/mark><\/span><\/p>\n\n\n\n<div class=\"wp-block-columns is-layout-flex wp-container-core-columns-is-layout-9d6595d7 wp-block-columns-is-layout-flex\">\n<div class=\"wp-block-column is-layout-flow wp-block-column-is-layout-flow\" style=\"flex-basis:66.66%\">\n<p>Zondag 23 juni kun je mee reizen naar Nijmegen voor verschillende jeugdpartijen. Naast onze vechters Jade Koolmees en Y\u00e9lina Jasperse, zullen ook Jordan de Heij en Timo Niese een partij draaien. Ook Rishi Narain zal de ring weer betreden. Kortom: genoeg te zien! <br><br>Kaarten zijn verkrijgbaar aan de deur en kosten 20 euro per stuk. Kinderen t\/m 10 jaar kosten 10 euro per stuk (legitimatie verplicht). Laat snel weten of je mee reist, dan sturen we de vertrektijden door. <\/p>\n<\/div>\n\n\n\n<div class=\"wp-block-column is-layout-flow wp-block-column-is-layout-flow\" style=\"flex-basis:33.33%\">\n<figure class=\"wp-block-image size-large\"><img loading=\"lazy\" decoding=\"async\" width=\"1024\" height=\"1024\" src=\"https:\/\/www.sportcentrumrebo.nl\/wp-content\/uploads\/2024\/06\/448739924_1014228830547685_3957709645243957738_n-1024x1024.jpg\" alt=\"\" class=\"wp-image-1719\" srcset=\"https:\/\/www.sportcentrumrebo.nl\/wp-content\/uploads\/2024\/06\/448739924_1014228830547685_3957709645243957738_n-1024x1024.jpg 1024w, https:\/\/www.sportcentrumrebo.nl\/wp-content\/uploads\/2024\/06\/448739924_1014228830547685_3957709645243957738_n-300x300.jpg 300w, https:\/\/www.sportcentrumrebo.nl\/wp-content\/uploads\/2024\/06\/448739924_1014228830547685_3957709645243957738_n-150x150.jpg 150w, https:\/\/www.sportcentrumrebo.nl\/wp-content\/uploads\/2024\/06\/448739924_1014228830547685_3957709645243957738_n-768x768.jpg 768w, https:\/\/www.sportcentrumrebo.nl\/wp-content\/uploads\/2024\/06\/448739924_1014228830547685_3957709645243957738_n-1536x1536.jpg 1536w, https:\/\/www.sportcentrumrebo.nl\/wp-content\/uploads\/2024\/06\/448739924_1014228830547685_3957709645243957738_n.jpg 2048w\" sizes=\"auto, (max-width: 1024px) 100vw, 1024px\" \/><\/figure>\n<\/div>\n<\/div>\n\n\n\n<p><span><mark style=\"background-color: rgba(0, 0, 0, 0);\" class=\"has-inline-color has-vivid-cyan-blue-color\"><b>Zaterdag 15 juni, New Legends Fighting Network, Woerden <\/b><\/mark><\/span><\/p>\n\n\n\n<div class=\"wp-block-columns is-layout-flex wp-container-core-columns-is-layout-9d6595d7 wp-block-columns-is-layout-flex\">\n<div class=\"wp-block-column is-layout-flow wp-block-column-is-layout-flow\" style=\"flex-basis:66.66%\">\n<p>Zaterdag 15 juni zullen Y\u00e9lina Jasperse en Martin de Kamper uitkomen voor ReBo op het eerste gala van New Legends Fighting Network. Tribune kaarten kosten 35 euro per stuk en zijn verkrijgbaar via de site van het gala. Beide vechters zullen in de middag hun partij draaien. <\/p>\n<\/div>\n\n\n\n<div class=\"wp-block-column is-layout-flow wp-block-column-is-layout-flow\" style=\"flex-basis:33.33%\">\n<figure class=\"wp-block-image size-large\"><img loading=\"lazy\" decoding=\"async\" width=\"568\" height=\"1024\" src=\"https:\/\/www.sportcentrumrebo.nl\/wp-content\/uploads\/2024\/06\/448349407_1011271884176713_5446046282107483552_n-568x1024.jpg\" alt=\"\" class=\"wp-image-1718\" srcset=\"https:\/\/www.sportcentrumrebo.nl\/wp-content\/uploads\/2024\/06\/448349407_1011271884176713_5446046282107483552_n-568x1024.jpg 568w, https:\/\/www.sportcentrumrebo.nl\/wp-content\/uploads\/2024\/06\/448349407_1011271884176713_5446046282107483552_n-166x300.jpg 166w, https:\/\/www.sportcentrumrebo.nl\/wp-content\/uploads\/2024\/06\/448349407_1011271884176713_5446046282107483552_n-768x1385.jpg 768w, https:\/\/www.sportcentrumrebo.nl\/wp-content\/uploads\/2024\/06\/448349407_1011271884176713_5446046282107483552_n-852x1536.jpg 852w, https:\/\/www.sportcentrumrebo.nl\/wp-content\/uploads\/2024\/06\/448349407_1011271884176713_5446046282107483552_n.jpg 945w\" sizes=\"auto, (max-width: 568px) 100vw, 568px\" \/><\/figure>\n<\/div>\n<\/div>\n\n\n\n<p><span><mark style=\"background-color: rgba(0, 0, 0, 0);\" class=\"has-inline-color has-vivid-cyan-blue-color\"><b>Zondag 2 juni, Fight 4 Victory, Breda <\/b><\/mark><\/span><\/p>\n\n\n\n<div class=\"wp-block-columns is-layout-flex wp-container-core-columns-is-layout-9d6595d7 wp-block-columns-is-layout-flex\">\n<div class=\"wp-block-column is-layout-flow wp-block-column-is-layout-flow\" style=\"flex-basis:66.66%\">\n<p>Zondag 2 mei wordt een drukke dag, met 8 jeugdvechters \u00e9n fans zullen we afreizen naar Breda voor het jeugdgala van Fight4Victory. <\/p>\n\n\n\n<p>Timo Niese en Jordan de Heij zullen hun eerste wedstrijd draaien. Verder zullen Jade Koolmees, Steffany Holswilder, Martin de Kamper, Rishi Narain, Faylin Koolmees en Y\u00e9lina Jasperse uitkomen voor ReBo. Kaarten beperkt beschikbaar, stuur Els een berichtje als je mee wilt. 25 euro aan de deur, alleen contant. <\/p>\n\n\n\n<figure class=\"wp-block-image size-large\"><img loading=\"lazy\" decoding=\"async\" width=\"1024\" height=\"528\" src=\"https:\/\/www.sportcentrumrebo.nl\/wp-content\/uploads\/2024\/05\/j-1024x528.jpg\" alt=\"\" class=\"wp-image-1708\" srcset=\"https:\/\/www.sportcentrumrebo.nl\/wp-content\/uploads\/2024\/05\/j-1024x528.jpg 1024w, https:\/\/www.sportcentrumrebo.nl\/wp-content\/uploads\/2024\/05\/j-300x155.jpg 300w, https:\/\/www.sportcentrumrebo.nl\/wp-content\/uploads\/2024\/05\/j-768x396.jpg 768w, https:\/\/www.sportcentrumrebo.nl\/wp-content\/uploads\/2024\/05\/j-1536x791.jpg 1536w, https:\/\/www.sportcentrumrebo.nl\/wp-content\/uploads\/2024\/05\/j.jpg 2048w\" sizes=\"auto, (max-width: 1024px) 100vw, 1024px\" \/><\/figure>\n<\/div>\n\n\n\n<div class=\"wp-block-column is-layout-flow wp-block-column-is-layout-flow\" style=\"flex-basis:33.33%\">\n<figure class=\"wp-block-image size-full\"><img loading=\"lazy\" decoding=\"async\" width=\"526\" height=\"706\" src=\"https:\/\/www.sportcentrumrebo.nl\/wp-content\/uploads\/2024\/05\/442440042_999314412196110_7091102599316209677_n.jpg\" alt=\"\" class=\"wp-image-1710\" srcset=\"https:\/\/www.sportcentrumrebo.nl\/wp-content\/uploads\/2024\/05\/442440042_999314412196110_7091102599316209677_n.jpg 526w, https:\/\/www.sportcentrumrebo.nl\/wp-content\/uploads\/2024\/05\/442440042_999314412196110_7091102599316209677_n-224x300.jpg 224w\" sizes=\"auto, (max-width: 526px) 100vw, 526px\" \/><\/figure>\n<\/div>\n<\/div>\n\n\n\n<p><span><mark style=\"background-color: rgba(0, 0, 0, 0);\" class=\"has-inline-color has-vivid-cyan-blue-color\"><b>Zaterdag 18 mei, Enfusion Dordrecht \u00e9n Power Woman Amsterdam<\/b><\/mark><\/span><\/p>\n\n\n\n<div class=\"wp-block-columns is-layout-flex wp-container-core-columns-is-layout-9d6595d7 wp-block-columns-is-layout-flex\">\n<div class=\"wp-block-column is-layout-flow wp-block-column-is-layout-flow\" style=\"flex-basis:66.66%\">\n<p>Zaterdag 18 mei zijn we te vinden op twee gala&#8217;s. Safouane Ahrazi zal een N-partij draaien op Enfuson Dordrecht. Kaarten zijn verkrijgbaar via Sa\u00efd. <\/p>\n\n\n\n<p>In Amsterdam zullen Steffany Holswilder, Jade Koolmees en Faylin Koolmees uitkomen voor ReBo. Wellicht komen hier nog vechters bij. Houdt de site in de gaten, kaarten zijn verkrijgbaar via Patrick. <\/p>\n<\/div>\n\n\n\n<div class=\"wp-block-column is-layout-flow wp-block-column-is-layout-flow\" style=\"flex-basis:33.33%\">\n<figure class=\"wp-block-image size-large\"><img loading=\"lazy\" decoding=\"async\" width=\"830\" height=\"1024\" src=\"https:\/\/www.sportcentrumrebo.nl\/wp-content\/uploads\/2024\/04\/439849582_18426177937028773_149806718256333123_n-830x1024.jpg\" alt=\"\" class=\"wp-image-1696\" srcset=\"https:\/\/www.sportcentrumrebo.nl\/wp-content\/uploads\/2024\/04\/439849582_18426177937028773_149806718256333123_n-830x1024.jpg 830w, https:\/\/www.sportcentrumrebo.nl\/wp-content\/uploads\/2024\/04\/439849582_18426177937028773_149806718256333123_n-243x300.jpg 243w, https:\/\/www.sportcentrumrebo.nl\/wp-content\/uploads\/2024\/04\/439849582_18426177937028773_149806718256333123_n-768x948.jpg 768w, https:\/\/www.sportcentrumrebo.nl\/wp-content\/uploads\/2024\/04\/439849582_18426177937028773_149806718256333123_n-1245x1536.jpg 1245w, https:\/\/www.sportcentrumrebo.nl\/wp-content\/uploads\/2024\/04\/439849582_18426177937028773_149806718256333123_n.jpg 1440w\" sizes=\"auto, (max-width: 830px) 100vw, 830px\" \/><\/figure>\n<\/div>\n<\/div>\n\n\n\n<p><span><mark style=\"background-color: rgba(0, 0, 0, 0);\" class=\"has-inline-color has-vivid-cyan-blue-color\"><b>Zaterdag 20 april, Local Heroes, Wierden<\/b><\/mark><\/span><\/p>\n\n\n\n<div class=\"wp-block-columns is-layout-flex wp-container-core-columns-is-layout-9d6595d7 wp-block-columns-is-layout-flex\">\n<div class=\"wp-block-column is-layout-flow wp-block-column-is-layout-flow\" style=\"flex-basis:66.66%\">\n<p>Zaterdag 20 april komen Steffany Holswilder, Jade Koolmees en Y\u00e9lina Japerse uit voor ReBo. Met elkaar zullen we afreizen naar Wierden voor het Local Heroes gala. Kaarten zijn verkrijgbaar via Patrick en kosten 30 euro in de voorverkoop en 35 euro aan de deur. <\/p>\n<\/div>\n\n\n\n<div class=\"wp-block-column is-layout-flow wp-block-column-is-layout-flow\" style=\"flex-basis:33.33%\">\n<figure class=\"wp-block-image size-large\"><img loading=\"lazy\" decoding=\"async\" width=\"740\" height=\"1024\" src=\"https:\/\/www.sportcentrumrebo.nl\/wp-content\/uploads\/2024\/04\/434888058_958411622796073_2335012268806872723_n-740x1024.jpg\" alt=\"\" class=\"wp-image-1689\" srcset=\"https:\/\/www.sportcentrumrebo.nl\/wp-content\/uploads\/2024\/04\/434888058_958411622796073_2335012268806872723_n-740x1024.jpg 740w, https:\/\/www.sportcentrumrebo.nl\/wp-content\/uploads\/2024\/04\/434888058_958411622796073_2335012268806872723_n-217x300.jpg 217w, https:\/\/www.sportcentrumrebo.nl\/wp-content\/uploads\/2024\/04\/434888058_958411622796073_2335012268806872723_n-768x1062.jpg 768w, https:\/\/www.sportcentrumrebo.nl\/wp-content\/uploads\/2024\/04\/434888058_958411622796073_2335012268806872723_n.jpg 945w\" sizes=\"auto, (max-width: 740px) 100vw, 740px\" \/><\/figure>\n<\/div>\n<\/div>\n\n\n\n<p><span><mark style=\"background-color: rgba(0, 0, 0, 0);\" class=\"has-inline-color has-vivid-cyan-blue-color\"><b>Bravo Voorjaar 2024 <\/b><\/mark><\/span><\/p>\n\n\n\n<div class=\"wp-block-columns is-layout-flex wp-container-core-columns-is-layout-9d6595d7 wp-block-columns-is-layout-flex\">\n<div class=\"wp-block-column is-layout-flow wp-block-column-is-layout-flow\" style=\"flex-basis:66.66%\">\n<p>Binnenkort start de lessenserie van BRAVO. Dit seizoen kun je je aanmelden voor woensdagavond 27 maart, 3, 10 en 17 april. Wees er snel bij want de inschrijvingen gaan altijd hard. Vol = vol. Betaling kan vanaf dit seizoen ook via de QR-Code, contant is ook nog steeds mogelijk. <\/p>\n<\/div>\n\n\n\n<div class=\"wp-block-column is-layout-flow wp-block-column-is-layout-flow\" style=\"flex-basis:33.33%\">\n<figure class=\"wp-block-image size-large\"><img loading=\"lazy\" decoding=\"async\" width=\"1024\" height=\"768\" src=\"https:\/\/www.sportcentrumrebo.nl\/wp-content\/uploads\/2023\/12\/406515596_876886250948611_6811525738525124536_n-1024x768.jpg\" alt=\"\" class=\"wp-image-1571\" srcset=\"https:\/\/www.sportcentrumrebo.nl\/wp-content\/uploads\/2023\/12\/406515596_876886250948611_6811525738525124536_n-1024x768.jpg 1024w, https:\/\/www.sportcentrumrebo.nl\/wp-content\/uploads\/2023\/12\/406515596_876886250948611_6811525738525124536_n-300x225.jpg 300w, https:\/\/www.sportcentrumrebo.nl\/wp-content\/uploads\/2023\/12\/406515596_876886250948611_6811525738525124536_n-768x576.jpg 768w, https:\/\/www.sportcentrumrebo.nl\/wp-content\/uploads\/2023\/12\/406515596_876886250948611_6811525738525124536_n.jpg 1440w\" sizes=\"auto, (max-width: 1024px) 100vw, 1024px\" \/><\/figure>\n<\/div>\n<\/div>\n\n\n\n<p><span><mark style=\"background-color: rgba(0, 0, 0, 0);\" class=\"has-inline-color has-vivid-cyan-blue-color\"><b>Zondag 3 maart 2024, Legacy Fight Event, Vlaardingen<\/b><\/mark><\/span><\/p>\n\n\n\n<div class=\"wp-block-columns is-layout-flex wp-container-core-columns-is-layout-9d6595d7 wp-block-columns-is-layout-flex\">\n<div class=\"wp-block-column is-layout-flow wp-block-column-is-layout-flow\" style=\"flex-basis:66.66%\">\n<p>Zondag 3 maart zijn we weer goed vertegenwoordigd op het Legacy Fight Event in Vlaardingen. Na lange tijd zal Martin de Kamper de ring weer betreden, net als Rishi Narain, Abdessalam Oualit en Faylin Koolmees. Zij zullen uitkomen bij de jeugd. Safouane Ahrazi zal uitkomen voor Rebo bij de volwassenen. Kaarten verkrijgbaar via Patrick of aan de deur. Jeugd 20 euro, volwassen programma 35 en gecombineerd 50 euro. <\/p>\n\n\n\n<p>Op de valreep heeft ook Jade Koolmees een partij te pakken! <\/p>\n<\/div>\n\n\n\n<div class=\"wp-block-column is-layout-flow wp-block-column-is-layout-flow\" style=\"flex-basis:33.33%\">\n<figure class=\"wp-block-image size-full\"><img loading=\"lazy\" decoding=\"async\" width=\"954\" height=\"1023\" src=\"https:\/\/www.sportcentrumrebo.nl\/wp-content\/uploads\/2024\/02\/423161756_914486490521920_5310189422808772403_n.jpg\" alt=\"\" class=\"wp-image-1615\" srcset=\"https:\/\/www.sportcentrumrebo.nl\/wp-content\/uploads\/2024\/02\/423161756_914486490521920_5310189422808772403_n.jpg 954w, https:\/\/www.sportcentrumrebo.nl\/wp-content\/uploads\/2024\/02\/423161756_914486490521920_5310189422808772403_n-280x300.jpg 280w, https:\/\/www.sportcentrumrebo.nl\/wp-content\/uploads\/2024\/02\/423161756_914486490521920_5310189422808772403_n-768x824.jpg 768w\" sizes=\"auto, (max-width: 954px) 100vw, 954px\" \/><\/figure>\n<\/div>\n<\/div>\n\n\n\n<p><span><mark style=\"background-color: rgba(0, 0, 0, 0);\" class=\"has-inline-color has-vivid-cyan-blue-color\"><b>Zondag 28 januari 2024, Gala Holzken &#8211; Helmond<\/b><\/mark><\/span><\/p>\n\n\n\n<div class=\"wp-block-columns is-layout-flex wp-container-core-columns-is-layout-9d6595d7 wp-block-columns-is-layout-flex\">\n<div class=\"wp-block-column is-layout-flow wp-block-column-is-layout-flow\" style=\"flex-basis:66.66%\">\n<p>Zondag 28 januari nemen we deel aan het gala van team Holzken in Helmond. Voor nu zijn er vier jeugdvechters gematcht. Abdessalam Oualit, Rishi Narain, Y\u00e9lina Jasperse en Faylin Koolmees. Er zijn meer vechters aangemeld dus wie weet volgen er nog meer. Kaarten kosten 20 euro in de voorverkoop en 25 euro aan de deur. Geef dus op tijd door dat je mee wilt zodat we voldoende kaarten hebben en we de vechters kunnen aanmoedigen. Stay tuned voor updates!<\/p>\n\n\n\n<p><mark style=\"background-color:rgba(0, 0, 0, 0)\" class=\"has-inline-color has-vivid-red-color\">Het gala van 28 januari is onverwachts verplaatst naar 3 maart, waarop we een ander gala hebben, we nemen dus geen deel aan dit gala<\/mark><\/p>\n<\/div>\n\n\n\n<div class=\"wp-block-column is-layout-flow wp-block-column-is-layout-flow\" style=\"flex-basis:33.33%\">\n<figure class=\"wp-block-image size-large\"><img loading=\"lazy\" decoding=\"async\" width=\"1024\" height=\"573\" src=\"https:\/\/www.sportcentrumrebo.nl\/wp-content\/uploads\/2024\/01\/405924462_853003883492769_5044913676433629640_n-1024x573.jpg\" alt=\"\" class=\"wp-image-1603\" srcset=\"https:\/\/www.sportcentrumrebo.nl\/wp-content\/uploads\/2024\/01\/405924462_853003883492769_5044913676433629640_n-1024x573.jpg 1024w, https:\/\/www.sportcentrumrebo.nl\/wp-content\/uploads\/2024\/01\/405924462_853003883492769_5044913676433629640_n-300x168.jpg 300w, https:\/\/www.sportcentrumrebo.nl\/wp-content\/uploads\/2024\/01\/405924462_853003883492769_5044913676433629640_n-768x430.jpg 768w, https:\/\/www.sportcentrumrebo.nl\/wp-content\/uploads\/2024\/01\/405924462_853003883492769_5044913676433629640_n-1536x859.jpg 1536w, https:\/\/www.sportcentrumrebo.nl\/wp-content\/uploads\/2024\/01\/405924462_853003883492769_5044913676433629640_n.jpg 1716w\" sizes=\"auto, (max-width: 1024px) 100vw, 1024px\" \/><\/figure>\n<\/div>\n<\/div>\n\n\n\n<p><span><mark style=\"background-color: rgba(0, 0, 0, 0);\" class=\"has-inline-color has-vivid-cyan-blue-color\"><b>Zaterdag 30 december 2023, Enfusion Alkmaar <\/b><\/mark><\/span><\/p>\n\n\n\n<div class=\"wp-block-columns is-layout-flex wp-container-core-columns-is-layout-9d6595d7 wp-block-columns-is-layout-flex\">\n<div class=\"wp-block-column is-layout-flow wp-block-column-is-layout-flow\" style=\"flex-basis:66.66%\">\n<p>Met trots delen we mee dat jeugdvechter Y\u00e9lina Jasperse is benaderd door Enfusion met de vraag of ze 30 december een partij wil draaien! Haar wedstrijd 3 december ging niet door i.v.m. ziekte tegenstander dus de partij moest nog gedraaid worden. <\/p>\n\n\n\n<p>Daarnaast viel er nog een vechter uit met het gewicht van Faylin Koolmees, waardoor we haar hebben opgegeven om ook te vechten op dit mooie gala. <\/p>\n\n\n\n<p>Kaarten zijn verkrijgbaar bij Patrick, wees er snel bij want de verkoop gaat snel! <\/p>\n<\/div>\n\n\n\n<div class=\"wp-block-column is-layout-flow wp-block-column-is-layout-flow\" style=\"flex-basis:33.33%\">\n<figure class=\"wp-block-image size-large\"><img loading=\"lazy\" decoding=\"async\" width=\"794\" height=\"1024\" src=\"https:\/\/www.sportcentrumrebo.nl\/wp-content\/uploads\/2024\/01\/415191861_893379289299307_6689078140663537334_n-794x1024.jpg\" alt=\"\" class=\"wp-image-1592\" srcset=\"https:\/\/www.sportcentrumrebo.nl\/wp-content\/uploads\/2024\/01\/415191861_893379289299307_6689078140663537334_n-794x1024.jpg 794w, https:\/\/www.sportcentrumrebo.nl\/wp-content\/uploads\/2024\/01\/415191861_893379289299307_6689078140663537334_n-232x300.jpg 232w, https:\/\/www.sportcentrumrebo.nl\/wp-content\/uploads\/2024\/01\/415191861_893379289299307_6689078140663537334_n-768x991.jpg 768w, https:\/\/www.sportcentrumrebo.nl\/wp-content\/uploads\/2024\/01\/415191861_893379289299307_6689078140663537334_n-1190x1536.jpg 1190w, https:\/\/www.sportcentrumrebo.nl\/wp-content\/uploads\/2024\/01\/415191861_893379289299307_6689078140663537334_n.jpg 1543w\" sizes=\"auto, (max-width: 794px) 100vw, 794px\" \/><\/figure>\n<\/div>\n<\/div>\n\n\n\n<p><span><mark style=\"background-color: rgba(0, 0, 0, 0);\" class=\"has-inline-color has-vivid-cyan-blue-color\"><b>Zondag 3 december 2023, Scouting Talents &#8211; Siam-Gym Valkenswaard<\/b><\/mark><\/span><\/p>\n\n\n\n<div class=\"wp-block-columns is-layout-flex wp-container-core-columns-is-layout-9d6595d7 wp-block-columns-is-layout-flex\">\n<div class=\"wp-block-column is-layout-flow wp-block-column-is-layout-flow\" style=\"flex-basis:66.66%\">\n<p>Zondag 3 december zijn Faylin Koolmees, Y\u00e9lina Jasperse en Abdessalam Oualit gematcht voor 3 jeugdpartijen. Deze gala&#8217;s hebben altijd een fijne sfeer en strakke organisatie. Kaarten zijn verkrijgbaar aan de deur<\/p>\n\n\n\n<p>Ter info: de tegenstander van Y\u00e9lina was ziek, er is hard gezocht naar een andere tegenstander maar ook zij heeft helaas een dag van te voren af moeten melden i.v.m. ziekte. Op zo&#8217;n korte termijn is er geen vervanger gevonden en gaat de partij van Y\u00e9lina dus niet door. <\/p>\n<\/div>\n\n\n\n<div class=\"wp-block-column is-layout-flow wp-block-column-is-layout-flow\" style=\"flex-basis:33.33%\">\n<figure class=\"wp-block-image size-large\"><img loading=\"lazy\" decoding=\"async\" width=\"1024\" height=\"1024\" src=\"https:\/\/www.sportcentrumrebo.nl\/wp-content\/uploads\/2023\/12\/406215792_871847928119110_4491237007899505106_n-1024x1024.jpg\" alt=\"\" class=\"wp-image-1560\" srcset=\"https:\/\/www.sportcentrumrebo.nl\/wp-content\/uploads\/2023\/12\/406215792_871847928119110_4491237007899505106_n-1024x1024.jpg 1024w, https:\/\/www.sportcentrumrebo.nl\/wp-content\/uploads\/2023\/12\/406215792_871847928119110_4491237007899505106_n-300x300.jpg 300w, https:\/\/www.sportcentrumrebo.nl\/wp-content\/uploads\/2023\/12\/406215792_871847928119110_4491237007899505106_n-150x150.jpg 150w, https:\/\/www.sportcentrumrebo.nl\/wp-content\/uploads\/2023\/12\/406215792_871847928119110_4491237007899505106_n-768x768.jpg 768w, https:\/\/www.sportcentrumrebo.nl\/wp-content\/uploads\/2023\/12\/406215792_871847928119110_4491237007899505106_n-1536x1536.jpg 1536w, https:\/\/www.sportcentrumrebo.nl\/wp-content\/uploads\/2023\/12\/406215792_871847928119110_4491237007899505106_n.jpg 2048w\" sizes=\"auto, (max-width: 1024px) 100vw, 1024px\" \/><\/figure>\n<\/div>\n<\/div>\n\n\n\n<p><span><mark style=\"background-color: rgba(0, 0, 0, 0);\" class=\"has-inline-color has-vivid-cyan-blue-color\"><b>Zaterdag 4 november 2023, Enfusion Dordrecht<\/b><\/mark><\/span><\/p>\n\n\n\n<div class=\"wp-block-columns is-layout-flex wp-container-core-columns-is-layout-9d6595d7 wp-block-columns-is-layout-flex\">\n<div class=\"wp-block-column is-layout-flow wp-block-column-is-layout-flow\" style=\"flex-basis:66.66%\">\n<p>Zaterdag 4 november zijn Safouane Ahrazi en Y\u00e9lina Jasperse gematcht. Beide vechters zullen voor het eerst op zo&#8217;n groot podium uitkomen. Safoune vecht daarnaast zijn eerste N-Partij. Kaarten kosten 45 euro en zijn verkrijgbaar via Sa\u00efd. <\/p>\n<\/div>\n\n\n\n<div class=\"wp-block-column is-layout-flow wp-block-column-is-layout-flow\" style=\"flex-basis:33.33%\">\n<figure class=\"wp-block-image size-large\"><img loading=\"lazy\" decoding=\"async\" width=\"730\" height=\"1024\" src=\"https:\/\/www.sportcentrumrebo.nl\/wp-content\/uploads\/2023\/11\/397157606_853641556606414_3492593924095053918_n-730x1024.jpg\" alt=\"\" class=\"wp-image-1553\" srcset=\"https:\/\/www.sportcentrumrebo.nl\/wp-content\/uploads\/2023\/11\/397157606_853641556606414_3492593924095053918_n-730x1024.jpg 730w, https:\/\/www.sportcentrumrebo.nl\/wp-content\/uploads\/2023\/11\/397157606_853641556606414_3492593924095053918_n-214x300.jpg 214w, https:\/\/www.sportcentrumrebo.nl\/wp-content\/uploads\/2023\/11\/397157606_853641556606414_3492593924095053918_n-768x1077.jpg 768w, https:\/\/www.sportcentrumrebo.nl\/wp-content\/uploads\/2023\/11\/397157606_853641556606414_3492593924095053918_n.jpg 1080w\" sizes=\"auto, (max-width: 730px) 100vw, 730px\" \/><\/figure>\n<\/div>\n<\/div>\n\n\n\n<p><span><mark style=\"background-color: rgba(0, 0, 0, 0);\" class=\"has-inline-color has-vivid-cyan-blue-color\"><b>Zaterdag 30 september 2023, Power Woman &#8211; Amsterdam-Noord <\/b><\/mark><\/span><\/p>\n\n\n\n<div class=\"wp-block-columns is-layout-flex wp-container-core-columns-is-layout-9d6595d7 wp-block-columns-is-layout-flex\">\n<div class=\"wp-block-column is-layout-flow wp-block-column-is-layout-flow\" style=\"flex-basis:66.66%\">\n<p>Zaterdag 30 september zullen er verschillende vechters deelnemen aan het Woman Only gala in Amsterdam-Noord. In de jeugdklasse zullen Jade Koolmees, Faylin Koolmees en Steffany Holswilder uitkomen. In de C-Klasse zal Thyara Magalhaes een partij draaien. Voor Faylin een extra bijzondere dag, want dit zal haar eerste partij zijn. Er wordt hard getraind. Kaarten zijn 35 euro en alleen verkrijgbaar bij de deur. <\/p>\n<\/div>\n\n\n\n<div class=\"wp-block-column is-layout-flow wp-block-column-is-layout-flow\" style=\"flex-basis:33.33%\">\n<figure class=\"wp-block-image size-large\"><img loading=\"lazy\" decoding=\"async\" width=\"1024\" height=\"1024\" src=\"https:\/\/www.sportcentrumrebo.nl\/wp-content\/uploads\/2023\/09\/374531292_815883683715535_1187739120240057989_n-1024x1024.jpg\" alt=\"\" class=\"wp-image-1534\" srcset=\"https:\/\/www.sportcentrumrebo.nl\/wp-content\/uploads\/2023\/09\/374531292_815883683715535_1187739120240057989_n-1024x1024.jpg 1024w, https:\/\/www.sportcentrumrebo.nl\/wp-content\/uploads\/2023\/09\/374531292_815883683715535_1187739120240057989_n-300x300.jpg 300w, https:\/\/www.sportcentrumrebo.nl\/wp-content\/uploads\/2023\/09\/374531292_815883683715535_1187739120240057989_n-150x150.jpg 150w, https:\/\/www.sportcentrumrebo.nl\/wp-content\/uploads\/2023\/09\/374531292_815883683715535_1187739120240057989_n-768x768.jpg 768w, https:\/\/www.sportcentrumrebo.nl\/wp-content\/uploads\/2023\/09\/374531292_815883683715535_1187739120240057989_n.jpg 1080w\" sizes=\"auto, (max-width: 1024px) 100vw, 1024px\" \/><\/figure>\n<\/div>\n<\/div>\n\n\n\n<p><strong><mark style=\"background-color:rgba(0, 0, 0, 0)\" class=\"has-inline-color has-vivid-cyan-blue-color\">Bravo Najaar 2023<\/mark><\/strong><\/p>\n\n\n\n<div class=\"wp-block-columns is-layout-flex wp-container-core-columns-is-layout-9d6595d7 wp-block-columns-is-layout-flex\">\n<div class=\"wp-block-column is-layout-flow wp-block-column-is-layout-flow\" style=\"flex-basis:66.66%\">\n<p>Ook dit najaar doen we weer mee met het Bravo aanbod, georganiseerd door het Evertshuis Bodegraven. Vier weken achter elkaar kun je kennismaken met de beginselen van het kickboksen. Aanmelden kan binnenkort via <a href=\"https:\/\/www.evertshuisbravo.nl\/\">de site<\/a>, data is 20 &amp; 27 september en 4 &amp; 11 oktober 2023<\/p>\n<\/div>\n\n\n\n<div class=\"wp-block-column is-layout-flow wp-block-column-is-layout-flow\" style=\"flex-basis:33.33%\">\n<figure class=\"wp-block-image size-full\"><img loading=\"lazy\" decoding=\"async\" width=\"474\" height=\"315\" src=\"https:\/\/www.sportcentrumrebo.nl\/wp-content\/uploads\/2023\/09\/OIP.jpg\" alt=\"\" class=\"wp-image-1499\" srcset=\"https:\/\/www.sportcentrumrebo.nl\/wp-content\/uploads\/2023\/09\/OIP.jpg 474w, https:\/\/www.sportcentrumrebo.nl\/wp-content\/uploads\/2023\/09\/OIP-300x199.jpg 300w\" sizes=\"auto, (max-width: 474px) 100vw, 474px\" \/><\/figure>\n<\/div>\n<\/div>\n\n\n\n<p><strong><mark style=\"background-color:rgba(0, 0, 0, 0)\" class=\"has-inline-color has-vivid-cyan-blue-color\">Beweegplein Najaarsmarkt 2023 <\/mark><\/strong><\/p>\n\n\n\n<div class=\"wp-block-columns is-layout-flex wp-container-core-columns-is-layout-9d6595d7 wp-block-columns-is-layout-flex\">\n<div class=\"wp-block-column is-layout-flow wp-block-column-is-layout-flow\" style=\"flex-basis:66.66%\">\n<p>Zaterdag 16 september zullen we met een aantal vrijwilligers te vinden zijn op het beweegplein op de Najaarsmarkt in Bodegraven. Dit plein is een nieuw initiatief van SenW Bodegraven-Reeuwijk en geeft sportclubs in Bodegraven-Reeuwijk de mogelijkheid om hun club te promoten. We staan er tussen 10u en 15u. Ook geven we een demo op het podium, die tijden volgen nog. Kom je ook even langs?<\/p>\n<\/div>\n\n\n\n<div class=\"wp-block-column is-layout-flow wp-block-column-is-layout-flow\" style=\"flex-basis:33.33%\">\n<figure class=\"wp-block-image size-large\"><img loading=\"lazy\" decoding=\"async\" width=\"819\" height=\"1024\" src=\"https:\/\/www.sportcentrumrebo.nl\/wp-content\/uploads\/2023\/08\/363349675_790084066295497_4811630740961234056_n-819x1024.jpg\" alt=\"\" class=\"wp-image-1495\" srcset=\"https:\/\/www.sportcentrumrebo.nl\/wp-content\/uploads\/2023\/08\/363349675_790084066295497_4811630740961234056_n-819x1024.jpg 819w, https:\/\/www.sportcentrumrebo.nl\/wp-content\/uploads\/2023\/08\/363349675_790084066295497_4811630740961234056_n-240x300.jpg 240w, https:\/\/www.sportcentrumrebo.nl\/wp-content\/uploads\/2023\/08\/363349675_790084066295497_4811630740961234056_n-768x960.jpg 768w, https:\/\/www.sportcentrumrebo.nl\/wp-content\/uploads\/2023\/08\/363349675_790084066295497_4811630740961234056_n-1229x1536.jpg 1229w, https:\/\/www.sportcentrumrebo.nl\/wp-content\/uploads\/2023\/08\/363349675_790084066295497_4811630740961234056_n.jpg 1440w\" sizes=\"auto, (max-width: 819px) 100vw, 819px\" \/><\/figure>\n<\/div>\n<\/div>\n\n\n\n<p><strong><mark style=\"background-color:rgba(0, 0, 0, 0)\" class=\"has-inline-color has-vivid-cyan-blue-color\">Kickboksclinic Kinderfeest  <\/mark><\/strong><\/p>\n\n\n\n<div class=\"wp-block-columns is-layout-flex wp-container-core-columns-is-layout-9d6595d7 wp-block-columns-is-layout-flex\">\n<div class=\"wp-block-column is-layout-flow wp-block-column-is-layout-flow\" style=\"flex-basis:66.66%\">\n<p>Vrijdag 14 juli zullen we op het Raadhuisplein te vinden zijn om in 4x bijna 500 kinderen kennis te laten maken met kickboksen. Het Kinderfeest in Bodegraven heeft ons gevraagd om hun programma onderdeel &#8216;Sport&amp;Spel&#8217; in te vullen. <\/p>\n\n\n\n<p>We zullen in de ochtend 2x 20 minuten aanwezig zijn, en in de middag. Aanmelden kan via <a href=\"https:\/\/www.kinderfeestbodegraven.nl\/\">deze <\/a>link. <\/p>\n<\/div>\n\n\n\n<div class=\"wp-block-column is-layout-flow wp-block-column-is-layout-flow\" style=\"flex-basis:33.33%\">\n<figure class=\"wp-block-image size-large\"><img loading=\"lazy\" decoding=\"async\" width=\"1024\" height=\"1024\" src=\"https:\/\/www.sportcentrumrebo.nl\/wp-content\/uploads\/2023\/07\/360088283_781217687182135_4454992129035805951_n-1024x1024.jpg\" alt=\"\" class=\"wp-image-1491\" srcset=\"https:\/\/www.sportcentrumrebo.nl\/wp-content\/uploads\/2023\/07\/360088283_781217687182135_4454992129035805951_n-1024x1024.jpg 1024w, https:\/\/www.sportcentrumrebo.nl\/wp-content\/uploads\/2023\/07\/360088283_781217687182135_4454992129035805951_n-300x300.jpg 300w, https:\/\/www.sportcentrumrebo.nl\/wp-content\/uploads\/2023\/07\/360088283_781217687182135_4454992129035805951_n-150x150.jpg 150w, https:\/\/www.sportcentrumrebo.nl\/wp-content\/uploads\/2023\/07\/360088283_781217687182135_4454992129035805951_n-768x768.jpg 768w, https:\/\/www.sportcentrumrebo.nl\/wp-content\/uploads\/2023\/07\/360088283_781217687182135_4454992129035805951_n.jpg 1440w\" sizes=\"auto, (max-width: 1024px) 100vw, 1024px\" \/><\/figure>\n<\/div>\n<\/div>\n\n\n\n<p><strong><mark style=\"background-color:rgba(0, 0, 0, 0)\" class=\"has-inline-color has-vivid-cyan-blue-color\">Zomervakantie 2023<\/mark><\/strong><\/p>\n\n\n\n<div class=\"wp-block-columns is-layout-flex wp-container-core-columns-is-layout-9d6595d7 wp-block-columns-is-layout-flex\">\n<div class=\"wp-block-column is-layout-flow wp-block-column-is-layout-flow\" style=\"flex-basis:66.66%\">\n<p>Beste leden,<\/p>\n\n\n\n<p>De zomervakantie is in aantocht en dat betekent dat binnenkort ons zomerrooster in gaat.<\/p>\n\n\n\n<p>De eerste drie weken, van maandag 10 juli t\/m vrijdag 28 juli zijn we voor alle lessen gesloten. De laatste drie weken van de zomervakantie: maandag 31 juli t\/m vrijdag 18 augustus hanteren we het volgende zomerrooster:<\/p>\n\n\n\n<p><img loading=\"lazy\" decoding=\"async\" height=\"16\" width=\"16\" alt=\"\ud83e\udd4a\" src=\"https:\/\/static.xx.fbcdn.net\/images\/emoji.php\/v9\/t17\/1.5\/16\/1f94a.png\">&nbsp;Jeugd: Beide groepen gezamenlijk op dinsdag van 19u tot 19:45u<br><img loading=\"lazy\" decoding=\"async\" height=\"16\" width=\"16\" alt=\"\ud83e\udd4a\" src=\"https:\/\/static.xx.fbcdn.net\/images\/emoji.php\/v9\/t17\/1.5\/16\/1f94a.png\">&nbsp;Volwassenen: boksen en kickboksen, dames en heren gezamenlijk op dinsdag en donderdag van 20u tot 21u.<\/p>\n\n\n\n<p>Alvast een hele fijne vakantie en rust lekker uit&nbsp;<img loading=\"lazy\" decoding=\"async\" height=\"16\" width=\"16\" alt=\"\u2600\ufe0f\" src=\"https:\/\/static.xx.fbcdn.net\/images\/emoji.php\/v9\/tf4\/1.5\/16\/2600.png\"><\/p>\n<\/div>\n\n\n\n<div class=\"wp-block-column is-layout-flow wp-block-column-is-layout-flow\" style=\"flex-basis:33.33%\">\n<figure class=\"wp-block-image size-large\"><img loading=\"lazy\" decoding=\"async\" width=\"1024\" height=\"1024\" src=\"https:\/\/www.sportcentrumrebo.nl\/wp-content\/uploads\/2023\/06\/354240410_762714905699080_516797097400401624_n-1024x1024.jpg\" alt=\"\" class=\"wp-image-1458\" srcset=\"https:\/\/www.sportcentrumrebo.nl\/wp-content\/uploads\/2023\/06\/354240410_762714905699080_516797097400401624_n-1024x1024.jpg 1024w, https:\/\/www.sportcentrumrebo.nl\/wp-content\/uploads\/2023\/06\/354240410_762714905699080_516797097400401624_n-300x300.jpg 300w, https:\/\/www.sportcentrumrebo.nl\/wp-content\/uploads\/2023\/06\/354240410_762714905699080_516797097400401624_n-150x150.jpg 150w, https:\/\/www.sportcentrumrebo.nl\/wp-content\/uploads\/2023\/06\/354240410_762714905699080_516797097400401624_n-768x768.jpg 768w, https:\/\/www.sportcentrumrebo.nl\/wp-content\/uploads\/2023\/06\/354240410_762714905699080_516797097400401624_n.jpg 1080w\" sizes=\"auto, (max-width: 1024px) 100vw, 1024px\" \/><\/figure>\n<\/div>\n<\/div>\n\n\n\n<p><strong><mark style=\"background-color:rgba(0, 0, 0, 0)\" class=\"has-inline-color has-vivid-cyan-blue-color\">Zaterdag 3 juni 2023, Rise of the Talents &#8211; Deventer <\/mark><\/strong><\/p>\n\n\n\n<div class=\"wp-block-columns is-layout-flex wp-container-core-columns-is-layout-9d6595d7 wp-block-columns-is-layout-flex\">\n<div class=\"wp-block-column is-layout-flow wp-block-column-is-layout-flow\" style=\"flex-basis:66.66%\">\n<p>Zaterdag 3 juni zullen we met vier jeugdvechters en publiek afreizen naar Deventer voor Rise of the Talents. Safouane, Abdesalam, Rishi en Y\u00e9lina zullen strijden voor de overwinning. Kaarten zijn aan de deur verkrijgbaar; reis je mee? <\/p>\n<\/div>\n\n\n\n<div class=\"wp-block-column is-layout-flow wp-block-column-is-layout-flow\" style=\"flex-basis:33.33%\">\n<figure class=\"wp-block-image size-full\"><img loading=\"lazy\" decoding=\"async\" width=\"453\" height=\"640\" src=\"https:\/\/www.sportcentrumrebo.nl\/wp-content\/uploads\/2023\/05\/WhatsApp-Image-2023-05-20-at-14.43.03.jpeg\" alt=\"\" class=\"wp-image-1421\" srcset=\"https:\/\/www.sportcentrumrebo.nl\/wp-content\/uploads\/2023\/05\/WhatsApp-Image-2023-05-20-at-14.43.03.jpeg 453w, https:\/\/www.sportcentrumrebo.nl\/wp-content\/uploads\/2023\/05\/WhatsApp-Image-2023-05-20-at-14.43.03-212x300.jpeg 212w\" sizes=\"auto, (max-width: 453px) 100vw, 453px\" \/><\/figure>\n<\/div>\n<\/div>\n\n\n\n<p><span><mark style=\"background-color: rgba(0, 0, 0, 0);\" class=\"has-inline-color has-vivid-cyan-blue-color\"><b>Meivakantie 2023<\/b><\/mark><\/span><\/p>\n\n\n\n<div class=\"wp-block-columns is-layout-flex wp-container-core-columns-is-layout-9d6595d7 wp-block-columns-is-layout-flex\">\n<div class=\"wp-block-column is-layout-flow wp-block-column-is-layout-flow\" style=\"flex-basis:66.66%\">\n<p><img loading=\"lazy\" decoding=\"async\" height=\"16\" width=\"16\" alt=\"\ud83e\udd4a\" src=\"https:\/\/static.xx.fbcdn.net\/images\/emoji.php\/v9\/t17\/1.5\/16\/1f94a.png\">Dinsdag 25 en vrijdag 28 april: Gezamenlijk trainen 19:30u-20:30u (boksen en kickboksen, dames en heren)<\/p>\n\n\n\n<p><img loading=\"lazy\" decoding=\"async\" height=\"16\" width=\"16\" alt=\"\ud83e\udd4a\" src=\"https:\/\/static.xx.fbcdn.net\/images\/emoji.php\/v9\/t17\/1.5\/16\/1f94a.png\">Donderdag 27 april gesloten <img loading=\"lazy\" decoding=\"async\" height=\"16\" width=\"16\" alt=\"\ud83c\uddf3\ud83c\uddf1\" src=\"https:\/\/static.xx.fbcdn.net\/images\/emoji.php\/v9\/tf7\/1.5\/16\/1f1f3_1f1f1.png\"><\/p>\n\n\n\n<p><a><\/a><img loading=\"lazy\" decoding=\"async\" height=\"16\" width=\"16\" alt=\"\ud83e\udd4a\" src=\"https:\/\/static.xx.fbcdn.net\/images\/emoji.php\/v9\/t17\/1.5\/16\/1f94a.png\">Dinsdag 2 mei: Gezamenlijk trainen 19:30u-20:30u (boksen en kickboksen, dames en heren)<\/p>\n\n\n\n<p><img loading=\"lazy\" decoding=\"async\" height=\"16\" width=\"16\" alt=\"\ud83e\udd4a\" src=\"https:\/\/static.xx.fbcdn.net\/images\/emoji.php\/v9\/t17\/1.5\/16\/1f94a.png\">Donderdag 4 mei LET OP i.v.m. dodenherdenking: 20:15u-21:15u gezamenlijk trainen (boksen en kickboksen, dames en heren)<\/p>\n\n\n\n<p><img loading=\"lazy\" decoding=\"async\" height=\"16\" width=\"16\" alt=\"\ud83e\udd4a\" src=\"https:\/\/static.xx.fbcdn.net\/images\/emoji.php\/v9\/t17\/1.5\/16\/1f94a.png\">Vrijdag 5 mei bij voldoende animo conditie training van 19u-20u<\/p>\n<\/div>\n\n\n\n<div class=\"wp-block-column is-layout-flow wp-block-column-is-layout-flow\" style=\"flex-basis:33.33%\">\n<figure class=\"wp-block-image size-large\"><img loading=\"lazy\" decoding=\"async\" width=\"1024\" height=\"1024\" src=\"https:\/\/www.sportcentrumrebo.nl\/wp-content\/uploads\/2023\/04\/342987449_966218527839705_6792511983219762893_n-1024x1024.jpg\" alt=\"\" class=\"wp-image-1413\" srcset=\"https:\/\/www.sportcentrumrebo.nl\/wp-content\/uploads\/2023\/04\/342987449_966218527839705_6792511983219762893_n-1024x1024.jpg 1024w, https:\/\/www.sportcentrumrebo.nl\/wp-content\/uploads\/2023\/04\/342987449_966218527839705_6792511983219762893_n-300x300.jpg 300w, https:\/\/www.sportcentrumrebo.nl\/wp-content\/uploads\/2023\/04\/342987449_966218527839705_6792511983219762893_n-150x150.jpg 150w, https:\/\/www.sportcentrumrebo.nl\/wp-content\/uploads\/2023\/04\/342987449_966218527839705_6792511983219762893_n-768x768.jpg 768w, https:\/\/www.sportcentrumrebo.nl\/wp-content\/uploads\/2023\/04\/342987449_966218527839705_6792511983219762893_n.jpg 1440w\" sizes=\"auto, (max-width: 1024px) 100vw, 1024px\" \/><\/figure>\n<\/div>\n<\/div>\n\n\n\n<p><strong><mark style=\"background-color:rgba(0, 0, 0, 0)\" class=\"has-inline-color has-vivid-cyan-blue-color\">Zaterdag 18 maart 2023, Fight 4 Victory, Breda<\/mark><\/strong><\/p>\n\n\n\n<div class=\"wp-block-columns is-layout-flex wp-container-core-columns-is-layout-9d6595d7 wp-block-columns-is-layout-flex\">\n<div class=\"wp-block-column is-layout-flow wp-block-column-is-layout-flow\" style=\"flex-basis:66.66%\">\n<p><mark style=\"background-color:rgba(0, 0, 0, 0)\" class=\"has-inline-color has-black-color\">Zaterdag 18 maart reizen we met jeugdvechters af naar Breda. Y\u00e9lina en Rishi zullen een jeugdpartij draaien. Kaarten beperkt beschikbaar dus wees er snel bij<\/mark>!<\/p>\n<\/div>\n\n\n\n<div class=\"wp-block-column is-layout-flow wp-block-column-is-layout-flow\" style=\"flex-basis:33.33%\">\n<figure class=\"wp-block-image size-large\"><img loading=\"lazy\" decoding=\"async\" width=\"819\" height=\"1024\" src=\"https:\/\/www.sportcentrumrebo.nl\/wp-content\/uploads\/2023\/02\/329149457_1257212371562019_2595020860430160391_n-819x1024.jpg\" alt=\"\" class=\"wp-image-1396\" srcset=\"https:\/\/www.sportcentrumrebo.nl\/wp-content\/uploads\/2023\/02\/329149457_1257212371562019_2595020860430160391_n-819x1024.jpg 819w, https:\/\/www.sportcentrumrebo.nl\/wp-content\/uploads\/2023\/02\/329149457_1257212371562019_2595020860430160391_n-240x300.jpg 240w, https:\/\/www.sportcentrumrebo.nl\/wp-content\/uploads\/2023\/02\/329149457_1257212371562019_2595020860430160391_n-768x960.jpg 768w, https:\/\/www.sportcentrumrebo.nl\/wp-content\/uploads\/2023\/02\/329149457_1257212371562019_2595020860430160391_n.jpg 1011w\" sizes=\"auto, (max-width: 819px) 100vw, 819px\" \/><\/figure>\n<\/div>\n<\/div>\n\n\n\n<p><\/p>\n\n\n\n<div class=\"wp-block-columns is-layout-flex wp-container-core-columns-is-layout-9d6595d7 wp-block-columns-is-layout-flex\"><\/div>\n\n\n\n<p><strong><mark style=\"background-color:rgba(0, 0, 0, 0)\" class=\"has-inline-color has-vivid-cyan-blue-color\">Zaterdag 11 februari 2023, Enfusion Nijmegen<\/mark><\/strong> <\/p>\n\n\n\n<div class=\"wp-block-columns is-layout-flex wp-container-core-columns-is-layout-9d6595d7 wp-block-columns-is-layout-flex\">\n<div class=\"wp-block-column is-layout-flow wp-block-column-is-layout-flow\" style=\"flex-basis:66.66%\">\n<p><mark style=\"background-color:rgba(0, 0, 0, 0)\" class=\"has-inline-color has-black-color\">Tijdens het gala van afgelopen 27 november in Valkenswaard is Thyara Magalhaes gescout voor een C-partij op het Enfusion Gala in Nijmegen. Yesper Schouten zou ook vechten maar door een blessure aan zijn hand kan hij helaas niet aanwezig zijn. Kaarten zijn verkrijgbaar via Patrick en t\/m 29 januari te reserveren. Reis mee en support Thyara bij haar eerst C-Partij. <\/mark><\/p>\n<\/div>\n\n\n\n<div class=\"wp-block-column is-layout-flow wp-block-column-is-layout-flow\" style=\"flex-basis:33.33%\">\n<figure class=\"wp-block-image size-large\"><img loading=\"lazy\" decoding=\"async\" width=\"1024\" height=\"1024\" src=\"https:\/\/www.sportcentrumrebo.nl\/wp-content\/uploads\/2023\/01\/327715090_1358116721682377_6465864392752690073_n-1024x1024.jpg\" alt=\"\" class=\"wp-image-1374\" srcset=\"https:\/\/www.sportcentrumrebo.nl\/wp-content\/uploads\/2023\/01\/327715090_1358116721682377_6465864392752690073_n-1024x1024.jpg 1024w, https:\/\/www.sportcentrumrebo.nl\/wp-content\/uploads\/2023\/01\/327715090_1358116721682377_6465864392752690073_n-300x300.jpg 300w, https:\/\/www.sportcentrumrebo.nl\/wp-content\/uploads\/2023\/01\/327715090_1358116721682377_6465864392752690073_n-150x150.jpg 150w, https:\/\/www.sportcentrumrebo.nl\/wp-content\/uploads\/2023\/01\/327715090_1358116721682377_6465864392752690073_n-768x768.jpg 768w, https:\/\/www.sportcentrumrebo.nl\/wp-content\/uploads\/2023\/01\/327715090_1358116721682377_6465864392752690073_n.jpg 1440w\" sizes=\"auto, (max-width: 1024px) 100vw, 1024px\" \/><\/figure>\n<\/div>\n<\/div>\n\n\n\n<p><mark style=\"background-color:rgba(0, 0, 0, 0)\" class=\"has-inline-color has-vivid-cyan-blue-color\"><strong>Zaterdag 17 december 2022, Go Hard Or Go Home, Tilburg<\/strong><\/mark><\/p>\n\n\n\n<div class=\"wp-block-columns is-layout-flex wp-container-core-columns-is-layout-9d6595d7 wp-block-columns-is-layout-flex\">\n<div class=\"wp-block-column is-layout-flow wp-block-column-is-layout-flow\" style=\"flex-basis:66.66%\">\n<p><mark style=\"background-color:rgba(0, 0, 0, 0)\" class=\"has-inline-color has-black-color\">Na lange tijd stapt Damian Rys de ring weer in voor een B-Partij. Hij heeft er hard voor getraind dus het belooft een mooie partij te worden. Kaarten zijn verkrijgbaar via Patrick of Sa\u00efd en kosten 20 euro. De deuren gaan om 12:00u open, het gala start om 13:00u. <\/mark><\/p>\n\n\n\n<p><mark style=\"background-color:rgba(0, 0, 0, 0)\" class=\"has-inline-color has-vivid-red-color\">Helaas hebben we Damian i.v.m. ziekte moeten afmelden. Op naar het volgende gala. <\/mark><\/p>\n<\/div>\n\n\n\n<div class=\"wp-block-column is-layout-flow wp-block-column-is-layout-flow\" style=\"flex-basis:33.33%\">\n<figure class=\"wp-block-image size-large\"><img loading=\"lazy\" decoding=\"async\" width=\"724\" height=\"1024\" src=\"https:\/\/www.sportcentrumrebo.nl\/wp-content\/uploads\/2022\/12\/318617724_620698409900731_5093394757244632154_n-724x1024.jpg\" alt=\"\" class=\"wp-image-1339\" srcset=\"https:\/\/www.sportcentrumrebo.nl\/wp-content\/uploads\/2022\/12\/318617724_620698409900731_5093394757244632154_n-724x1024.jpg 724w, https:\/\/www.sportcentrumrebo.nl\/wp-content\/uploads\/2022\/12\/318617724_620698409900731_5093394757244632154_n-212x300.jpg 212w, https:\/\/www.sportcentrumrebo.nl\/wp-content\/uploads\/2022\/12\/318617724_620698409900731_5093394757244632154_n-768x1087.jpg 768w, https:\/\/www.sportcentrumrebo.nl\/wp-content\/uploads\/2022\/12\/318617724_620698409900731_5093394757244632154_n.jpg 1080w\" sizes=\"auto, (max-width: 724px) 100vw, 724px\" \/><\/figure>\n<\/div>\n<\/div>\n\n\n\n<p><mark style=\"background-color:rgba(0, 0, 0, 0)\" class=\"has-inline-color has-vivid-cyan-blue-color\"><strong>Zondag 27 november 2022, Scouting Talens Valkenswaard<\/strong><\/mark><\/p>\n\n\n\n<div class=\"wp-block-columns is-layout-flex wp-container-core-columns-is-layout-9d6595d7 wp-block-columns-is-layout-flex\">\n<div class=\"wp-block-column is-layout-flow wp-block-column-is-layout-flow\" style=\"flex-basis:66.66%\">\n<p><mark style=\"background-color:rgba(0, 0, 0, 0)\" class=\"has-inline-color has-black-color\">Zondag 27 november zullen we afreizen naar Valkenswaard voor een gala, georganiseerd door Siam-Gym. Vier vechters zullen uitkomen voor Sportcentrum ReBo. Thyara Magalhaes zal haar laatste N partij draaien voor ze promoveert naar de C-Klasse. Safouane Ahrazi, Steffany Holswilder en Jade Koolmees zullen een jeugdpartij draaien. Kaarten verkrijgbaar aan de deur. <\/mark><\/p>\n<\/div>\n\n\n\n<div class=\"wp-block-column is-layout-flow wp-block-column-is-layout-flow\" style=\"flex-basis:33.33%\">\n<figure class=\"wp-block-image size-full\"><img loading=\"lazy\" decoding=\"async\" width=\"947\" height=\"960\" src=\"https:\/\/www.sportcentrumrebo.nl\/wp-content\/uploads\/2022\/11\/313882459_1833176940365314_1214248247503981717_n.jpg\" alt=\"\" class=\"wp-image-1302\" srcset=\"https:\/\/www.sportcentrumrebo.nl\/wp-content\/uploads\/2022\/11\/313882459_1833176940365314_1214248247503981717_n.jpg 947w, https:\/\/www.sportcentrumrebo.nl\/wp-content\/uploads\/2022\/11\/313882459_1833176940365314_1214248247503981717_n-296x300.jpg 296w, https:\/\/www.sportcentrumrebo.nl\/wp-content\/uploads\/2022\/11\/313882459_1833176940365314_1214248247503981717_n-768x779.jpg 768w\" sizes=\"auto, (max-width: 947px) 100vw, 947px\" \/><\/figure>\n<\/div>\n<\/div>\n\n\n\n<p><mark style=\"background-color:rgba(0, 0, 0, 0)\" class=\"has-inline-color has-vivid-cyan-blue-color\"><strong>Zaterdag 12 november 2022, Enfusion Dordrecht<\/strong><\/mark><\/p>\n\n\n\n<div class=\"wp-block-columns is-layout-flex wp-container-core-columns-is-layout-9d6595d7 wp-block-columns-is-layout-flex\">\n<div class=\"wp-block-column is-layout-flow wp-block-column-is-layout-flow\" style=\"flex-basis:66.66%\">\n<p><mark style=\"background-color:rgba(0, 0, 0, 0)\" class=\"has-inline-color has-black-color\">Zaterdag 12 november zal Yesper &#8216;The Wizard&#8217; Schouten zijn 2e B-partij draaien in een 4 man toernooi. Locatie: Optisport Sportboulevard in Dordrecht. Kaarten verkrijgbaar via Yesper zelf of Patrick. Zorg dat je er bij bent, vuurwerk gegarandeerd! <\/mark><\/p>\n<\/div>\n\n\n\n<div class=\"wp-block-column is-layout-flow wp-block-column-is-layout-flow\" style=\"flex-basis:33.33%\">\n<figure class=\"wp-block-image size-large\"><img loading=\"lazy\" decoding=\"async\" width=\"1024\" height=\"1024\" src=\"https:\/\/www.sportcentrumrebo.nl\/wp-content\/uploads\/2022\/10\/312887475_584238770213362_2875451935950661097_n-1024x1024.jpg\" alt=\"\" class=\"wp-image-1283\" srcset=\"https:\/\/www.sportcentrumrebo.nl\/wp-content\/uploads\/2022\/10\/312887475_584238770213362_2875451935950661097_n-1024x1024.jpg 1024w, https:\/\/www.sportcentrumrebo.nl\/wp-content\/uploads\/2022\/10\/312887475_584238770213362_2875451935950661097_n-300x300.jpg 300w, https:\/\/www.sportcentrumrebo.nl\/wp-content\/uploads\/2022\/10\/312887475_584238770213362_2875451935950661097_n-150x150.jpg 150w, https:\/\/www.sportcentrumrebo.nl\/wp-content\/uploads\/2022\/10\/312887475_584238770213362_2875451935950661097_n-768x768.jpg 768w, https:\/\/www.sportcentrumrebo.nl\/wp-content\/uploads\/2022\/10\/312887475_584238770213362_2875451935950661097_n.jpg 1080w\" sizes=\"auto, (max-width: 1024px) 100vw, 1024px\" \/><\/figure>\n<\/div>\n<\/div>\n\n\n\n<p><mark style=\"background-color:rgba(0, 0, 0, 0)\" class=\"has-inline-color has-vivid-cyan-blue-color\"><strong>Zaterdag 24 september 2022, Enfusion Eindhoven<\/strong><\/mark><\/p>\n\n\n\n<div class=\"wp-block-columns is-layout-flex wp-container-core-columns-is-layout-9d6595d7 wp-block-columns-is-layout-flex\">\n<div class=\"wp-block-column is-layout-flow wp-block-column-is-layout-flow\" style=\"flex-basis:66.66%\">\n<p><mark style=\"background-color:rgba(0, 0, 0, 0)\" class=\"has-inline-color has-black-color\">Zaterdag 24 september belooft een mooie dag te worden voor Sportcentrum ReBo. Steffany Holswilder zal haar eerste Enfusion partij draaien en trapt daarmee gelijk het gala af. Yesper &#8217;the wizard&#8217; Schouten zal ook vechten. Hij zal zijn eerste B-partij draaien. Kaarten zijn te koop bij Patrick Schouten, wees er snel bij want het gaat hard! <\/mark><\/p>\n<\/div>\n\n\n\n<div class=\"wp-block-column is-layout-flow wp-block-column-is-layout-flow\" style=\"flex-basis:33.33%\">\n<figure class=\"wp-block-image size-full\"><img loading=\"lazy\" decoding=\"async\" width=\"960\" height=\"678\" src=\"https:\/\/www.sportcentrumrebo.nl\/wp-content\/uploads\/2022\/09\/290581598_565320848437784_8338437580127845836_n.jpg\" alt=\"\" class=\"wp-image-1253\" srcset=\"https:\/\/www.sportcentrumrebo.nl\/wp-content\/uploads\/2022\/09\/290581598_565320848437784_8338437580127845836_n.jpg 960w, https:\/\/www.sportcentrumrebo.nl\/wp-content\/uploads\/2022\/09\/290581598_565320848437784_8338437580127845836_n-300x212.jpg 300w, https:\/\/www.sportcentrumrebo.nl\/wp-content\/uploads\/2022\/09\/290581598_565320848437784_8338437580127845836_n-768x542.jpg 768w\" sizes=\"auto, (max-width: 960px) 100vw, 960px\" \/><\/figure>\n<\/div>\n<\/div>\n\n\n\n<p><mark style=\"background-color:rgba(0, 0, 0, 0)\" class=\"has-inline-color has-vivid-cyan-blue-color\"><strong>Donderdag 15 september 2022, Najaarsmarkt Optocht<\/strong><\/mark><\/p>\n\n\n\n<div class=\"wp-block-columns is-layout-flex wp-container-core-columns-is-layout-9d6595d7 wp-block-columns-is-layout-flex\">\n<div class=\"wp-block-column is-layout-flow wp-block-column-is-layout-flow\" style=\"flex-basis:66.66%\">\n<p><mark style=\"background-color:rgba(0, 0, 0, 0)\" class=\"has-inline-color has-black-color\">Donderdag 15 september zullen we, na een lange Corona stop, weer mee lopen met de najaarsmarkt optocht. Het thema van de najaarsmarkt dit jaar is &#8216;Kaas vanuit de Cheesvalley de wereld over&#8217;. Ook wij zullen de kar rondom dit thema versieren. Er zullen grote wereldbollen zijn, vlaggetjes uit verschillende landen en onze eigen Nance heeft een mooi bord beschilderd. Kom je dit ook bewonderen? Je kunt meelopen (geef je op bij \u00e9\u00e9n van de trainers) of langs de route staan. We hopen op veel lopers, zodat we goed zichtbaar zijn! <\/mark><\/p>\n<\/div>\n\n\n\n<div class=\"wp-block-column is-layout-flow wp-block-column-is-layout-flow\" style=\"flex-basis:33.33%\">\n<figure class=\"wp-block-image size-large\"><img loading=\"lazy\" decoding=\"async\" width=\"1024\" height=\"1024\" src=\"https:\/\/www.sportcentrumrebo.nl\/wp-content\/uploads\/2022\/09\/305051094_543902270913679_244654858534401161_n-1024x1024.jpg\" alt=\"\" class=\"wp-image-1250\" srcset=\"https:\/\/www.sportcentrumrebo.nl\/wp-content\/uploads\/2022\/09\/305051094_543902270913679_244654858534401161_n-1024x1024.jpg 1024w, https:\/\/www.sportcentrumrebo.nl\/wp-content\/uploads\/2022\/09\/305051094_543902270913679_244654858534401161_n-300x300.jpg 300w, https:\/\/www.sportcentrumrebo.nl\/wp-content\/uploads\/2022\/09\/305051094_543902270913679_244654858534401161_n-150x150.jpg 150w, https:\/\/www.sportcentrumrebo.nl\/wp-content\/uploads\/2022\/09\/305051094_543902270913679_244654858534401161_n-768x768.jpg 768w, https:\/\/www.sportcentrumrebo.nl\/wp-content\/uploads\/2022\/09\/305051094_543902270913679_244654858534401161_n.jpg 1080w\" sizes=\"auto, (max-width: 1024px) 100vw, 1024px\" \/><\/figure>\n<\/div>\n<\/div>\n\n\n\n<p><mark style=\"background-color:rgba(0, 0, 0, 0)\" class=\"has-inline-color has-vivid-cyan-blue-color\"><strong>Zaterdag 3 september 2022, 10 jaar Sportcentrum ReBo<\/strong><\/mark><\/p>\n\n\n\n<div class=\"wp-block-columns is-layout-flex wp-container-core-columns-is-layout-9d6595d7 wp-block-columns-is-layout-flex\">\n<div class=\"wp-block-column is-layout-flow wp-block-column-is-layout-flow\" style=\"flex-basis:66.66%\">\n<p><mark style=\"background-color:rgba(0, 0, 0, 0)\" class=\"has-inline-color has-black-color\">September 2022 is het zo ver, we bestaan 10 jaar. Dit willen we graag met jullie allemaal vieren en wel op 3 september. Om 16:30u start het jeugdprogramma waar een groot springkussen zal zijn, popcorn, verschillende spellen en we eten patat! Om 18:00u is het jeugdfeest weer afgelopen, kom zoveel mogelijk op de fiets! <\/mark><\/p>\n\n\n\n<p><mark style=\"background-color:rgba(0, 0, 0, 0)\" class=\"has-inline-color has-black-color\">19:00u start het volwassenen programma. Wethouder Knol zal de avond openen dus zorg dat je op tijd bent. Onder het genot van een hapje en drankje zullen we herinneringen ophalen, er zullen foto&#8217;s getoond worden en DJ Vincent komt draaien. Ook aan jullie de vraag om zo veel mogelijk op de fiets te komen.<\/mark> <\/p>\n\n\n\n<p><mark style=\"background-color:rgba(0, 0, 0, 0)\" class=\"has-inline-color has-black-color\">Geef je voor 27 augustus op bij Sa\u00efd, Els (info@sportcentrumrebo.nl) of via de balie in de sportschool. Tot dan! <\/mark><\/p>\n\n\n\n<p>Het feest wordt mede mogelijk gemaakt door: &#8216;DJ Vincent, Kim&#8217;s springkussenverhuur, SPW Montage Stoffering, Welex en BYSO Design&#8217;.<\/p>\n<\/div>\n\n\n\n<div class=\"wp-block-column is-layout-flow wp-block-column-is-layout-flow\" style=\"flex-basis:33.33%\">\n<figure class=\"wp-block-image size-large\"><img loading=\"lazy\" decoding=\"async\" width=\"724\" height=\"1024\" src=\"https:\/\/www.sportcentrumrebo.nl\/wp-content\/uploads\/2022\/08\/WhatsApp-Image-2022-08-19-at-10.16.30-PM-1-724x1024.jpeg\" alt=\"\" class=\"wp-image-1216\" srcset=\"https:\/\/www.sportcentrumrebo.nl\/wp-content\/uploads\/2022\/08\/WhatsApp-Image-2022-08-19-at-10.16.30-PM-1-724x1024.jpeg 724w, https:\/\/www.sportcentrumrebo.nl\/wp-content\/uploads\/2022\/08\/WhatsApp-Image-2022-08-19-at-10.16.30-PM-1-212x300.jpeg 212w, https:\/\/www.sportcentrumrebo.nl\/wp-content\/uploads\/2022\/08\/WhatsApp-Image-2022-08-19-at-10.16.30-PM-1-768x1086.jpeg 768w, https:\/\/www.sportcentrumrebo.nl\/wp-content\/uploads\/2022\/08\/WhatsApp-Image-2022-08-19-at-10.16.30-PM-1-1086x1536.jpeg 1086w, https:\/\/www.sportcentrumrebo.nl\/wp-content\/uploads\/2022\/08\/WhatsApp-Image-2022-08-19-at-10.16.30-PM-1.jpeg 1131w\" sizes=\"auto, (max-width: 724px) 100vw, 724px\" \/><\/figure>\n<\/div>\n<\/div>\n\n\n\n<p><mark style=\"background-color:rgba(0, 0, 0, 0)\" class=\"has-inline-color has-vivid-cyan-blue-color\"><strong>Zaterdag 2 juli 2022, Fight Performance &#8211; Echt, Limburg<\/strong><\/mark><\/p>\n\n\n\n<div class=\"wp-block-columns is-layout-flex wp-container-core-columns-is-layout-9d6595d7 wp-block-columns-is-layout-flex\">\n<div class=\"wp-block-column is-layout-flow wp-block-column-is-layout-flow\" style=\"flex-basis:66.66%\">\n<p>Z<mark style=\"background-color:rgba(0, 0, 0, 0)\" class=\"has-inline-color has-black-color\">aterdag 2 juli zal Yesper Schouten zijn laatste partij voor de zomerstop vechten. Hij heeft er hard voor getraind en het belooft een spektakel te worden. Het zou leuk zijn als we weer met een grote groep af kunnen reizen naar Echt, Limburg. Er zullen meer volwassen partijen zijn dus naast onze eigen Yesper is er nog genoeg anders te zien. Reserveer je kaarten via Sa\u00efd, Patrick of Yesper zelf en wees erbij! <\/mark><\/p>\n<\/div>\n\n\n\n<div class=\"wp-block-column is-layout-flow wp-block-column-is-layout-flow\" style=\"flex-basis:33.33%\">\n<figure class=\"wp-block-image size-large is-resized\"><img loading=\"lazy\" decoding=\"async\" width=\"730\" height=\"1024\" src=\"https:\/\/www.sportcentrumrebo.nl\/wp-content\/uploads\/2022\/06\/282173584_5152967594739765_4349034191202034475_n-730x1024.jpg\" alt=\"\" class=\"wp-image-1166\" style=\"width:183px;height:257px\" srcset=\"https:\/\/www.sportcentrumrebo.nl\/wp-content\/uploads\/2022\/06\/282173584_5152967594739765_4349034191202034475_n-730x1024.jpg 730w, https:\/\/www.sportcentrumrebo.nl\/wp-content\/uploads\/2022\/06\/282173584_5152967594739765_4349034191202034475_n-214x300.jpg 214w, https:\/\/www.sportcentrumrebo.nl\/wp-content\/uploads\/2022\/06\/282173584_5152967594739765_4349034191202034475_n-768x1078.jpg 768w, https:\/\/www.sportcentrumrebo.nl\/wp-content\/uploads\/2022\/06\/282173584_5152967594739765_4349034191202034475_n.jpg 960w\" sizes=\"auto, (max-width: 730px) 100vw, 730px\" \/><\/figure>\n<\/div>\n<\/div>\n\n\n\n<p><mark style=\"background-color:rgba(0, 0, 0, 0)\" class=\"has-inline-color has-vivid-cyan-blue-color\"><strong>Zaterdag 21 mei 2022, Raw Diamonds XVI &#8211; Almere<\/strong><\/mark><\/p>\n\n\n\n<div class=\"wp-block-columns is-layout-flex wp-container-core-columns-is-layout-9d6595d7 wp-block-columns-is-layout-flex\">\n<div class=\"wp-block-column is-layout-flow wp-block-column-is-layout-flow\" style=\"flex-basis:66.66%\">\n<p><mark style=\"background-color:rgba(0, 0, 0, 0)\" class=\"has-inline-color has-black-color\">Zaterdag 21 mei reizen we met twee vechters af naar Almere. Ezra Slappendel zal zijn eerste jeugdpartij draaien. Yesper Schouten keert na 7 jaar weer terug naar Almere voor een C klasse partij.  Stuur een mailtje naar info@sportcentrumrebo.nl of spreek Patrick aan voor tickets in de voorverkoop. Kopen aan de deur kan ook, maar vol = vol. <\/mark><\/p>\n<\/div>\n\n\n\n<div class=\"wp-block-column is-layout-flow wp-block-column-is-layout-flow\" style=\"flex-basis:33.33%\">\n<figure class=\"wp-block-image size-full is-resized\"><img loading=\"lazy\" decoding=\"async\" width=\"275\" height=\"183\" src=\"https:\/\/www.sportcentrumrebo.nl\/wp-content\/uploads\/2022\/05\/downloaden-1.jpg\" alt=\"\" class=\"wp-image-1075\" style=\"width:365px;height:242px\"\/><\/figure>\n<\/div>\n<\/div>\n\n\n\n<div class=\"wp-block-columns is-layout-flex wp-container-core-columns-is-layout-9d6595d7 wp-block-columns-is-layout-flex\">\n<div class=\"wp-block-column is-layout-flow wp-block-column-is-layout-flow\"><\/div>\n\n\n\n<div class=\"wp-block-column is-layout-flow wp-block-column-is-layout-flow\"><\/div>\n\n\n\n<div class=\"wp-block-column is-layout-flow wp-block-column-is-layout-flow\"><\/div>\n<\/div>\n\n\n\n<p><mark style=\"background-color:rgba(0, 0, 0, 0)\" class=\"has-inline-color has-vivid-cyan-blue-color\"><strong>Zondag 27 maart 2022, Scouting Talents &#8211; Valkenswaard<\/strong><\/mark><\/p>\n\n\n\n<div class=\"wp-block-columns is-layout-flex wp-container-core-columns-is-layout-9d6595d7 wp-block-columns-is-layout-flex\">\n<div class=\"wp-block-column is-layout-flow wp-block-column-is-layout-flow\" style=\"flex-basis:66.66%\">\n<p><mark style=\"background-color:rgba(0, 0, 0, 0)\" class=\"has-inline-color has-black-color\">Zondag 27 maart zullen we afreizen naar Valkenswaard voor een gala van Siam-Gym. Safouane Ahrazi,&nbsp;Steffany Holswilder, Y\u00e9lina Jasperse en Jade Koolmees zullen een jeugdpartij vechten. Bijzonder is dat er scouts aanwezig zullen zijn van Enfusion Eindhoven. Komende weken wordt er hard getraind en als de vier talenten gewoon hun best doen en genieten van de partij komt het helemaal goed!&nbsp;We gaan er een mooie dag van maken. <\/mark><\/p>\n<\/div>\n\n\n\n<div class=\"wp-block-column is-layout-flow wp-block-column-is-layout-flow\" style=\"flex-basis:33.33%\">\n<figure class=\"wp-block-image size-full\"><img loading=\"lazy\" decoding=\"async\" width=\"960\" height=\"720\" src=\"https:\/\/www.sportcentrumrebo.nl\/wp-content\/uploads\/2022\/03\/276242436_4960550460658455_6236347912578392341_n-1.jpg\" alt=\"\" class=\"wp-image-1011\" srcset=\"https:\/\/www.sportcentrumrebo.nl\/wp-content\/uploads\/2022\/03\/276242436_4960550460658455_6236347912578392341_n-1.jpg 960w, https:\/\/www.sportcentrumrebo.nl\/wp-content\/uploads\/2022\/03\/276242436_4960550460658455_6236347912578392341_n-1-300x225.jpg 300w, https:\/\/www.sportcentrumrebo.nl\/wp-content\/uploads\/2022\/03\/276242436_4960550460658455_6236347912578392341_n-1-768x576.jpg 768w\" sizes=\"auto, (max-width: 960px) 100vw, 960px\" \/><\/figure>\n<\/div>\n<\/div>\n\n\n\n<p><\/p>\n\n\n\n<div class=\"wp-block-columns is-layout-flex wp-container-core-columns-is-layout-9d6595d7 wp-block-columns-is-layout-flex\">\n<div class=\"wp-block-column is-layout-flow wp-block-column-is-layout-flow\" style=\"flex-basis:66.66%\">\n<p><mark style=\"background-color:rgba(0, 0, 0, 0)\" class=\"has-inline-color has-vivid-cyan-blue-color\"><strong>Zaterdag 18 December 2021, Demodag in Den Bosch<\/strong><\/mark><\/p>\n\n\n\n<p><mark style=\"background-color:rgba(0, 0, 0, 0)\" class=\"has-inline-color has-black-color\">Zaterdag 18 December reizen we af naar Den Bosch voor een demodag. De jeugdleden die willen proeven hoe het is on in de ring te vechten zijn van harte uitgenodigd om hier aan mee te doen. Aanmelden voor deze dag kan bij Sa\u00efd m\u00e9t toestemming van je ouders \/ verzorgers. Let op, het is een demodag, geen offici\u00eble wedstrijd, er zijn dus altijd 2 winnaars.<\/mark><br><br><mark style=\"background-color:rgba(0, 0, 0, 0)\" class=\"has-inline-color has-vivid-red-color\">#UPDATE: Helaas is deze demodag niet doorgegaan i.v.m. de corona maatregelen<\/mark>. <\/p>\n<\/div>\n\n\n\n<div class=\"wp-block-column is-layout-flow wp-block-column-is-layout-flow\" style=\"flex-basis:33.33%\">\n<figure class=\"wp-block-image size-full is-resized\"><img loading=\"lazy\" decoding=\"async\" width=\"720\" height=\"540\" src=\"https:\/\/www.sportcentrumrebo.nl\/wp-content\/uploads\/2021\/10\/demodag-18-december-1.jpeg\" alt=\"\" class=\"wp-image-816\" style=\"width:429px;height:322px\" srcset=\"https:\/\/www.sportcentrumrebo.nl\/wp-content\/uploads\/2021\/10\/demodag-18-december-1.jpeg 720w, https:\/\/www.sportcentrumrebo.nl\/wp-content\/uploads\/2021\/10\/demodag-18-december-1-300x225.jpeg 300w\" sizes=\"auto, (max-width: 720px) 100vw, 720px\" \/><\/figure>\n<\/div>\n<\/div>\n\n\n\n<p><\/p>\n\n\n\n<p><\/p>\n\n\n\n<p><\/p>\n\n\n\n<p><\/p>\n\n\n\n<p><\/p>\n\n\n\n<p><\/p>\n\n\n\n<p><\/p>\n\n\n\n<p><\/p>\n\n\n\n<p><\/p>\n\n\n\n<p><\/p>\n\n\n\n<p><\/p>\n\n\n\n<p><\/p>\n","protected":false},"excerpt":{"rendered":"<p>Zaterdag 25 oktober 2025, REBO IV, Bodegraven Zaterdag 25 oktober 2025 organiseren we ons eigen gala, ReBo IV! Het jeugdprogramma zit bomvol maar we zoeken nog C en B vechters voor het avondprogramma! Aanmelden kan via deze link. Check de poster voor de laatste info! Zaterdag 21 juni, Rings of Talents, Doetinchem Zaterdag 21 juni [&hellip;]<\/p>\n","protected":false},"author":2,"featured_media":0,"parent":0,"menu_order":0,"comment_status":"closed","ping_status":"closed","template":"template-full-width.php","meta":{"footnotes":""},"class_list":["post-189","page","type-page","status-publish","hentry"],"_links":{"self":[{"href":"https:\/\/www.sportcentrumrebo.nl\/index.php?rest_route=\/wp\/v2\/pages\/189","targetHints":{"allow":["GET"]}}],"collection":[{"href":"https:\/\/www.sportcentrumrebo.nl\/index.php?rest_route=\/wp\/v2\/pages"}],"about":[{"href":"https:\/\/www.sportcentrumrebo.nl\/index.php?rest_route=\/wp\/v2\/types\/page"}],"author":[{"embeddable":true,"href":"https:\/\/www.sportcentrumrebo.nl\/index.php?rest_route=\/wp\/v2\/users\/2"}],"replies":[{"embeddable":true,"href":"https:\/\/www.sportcentrumrebo.nl\/index.php?rest_route=%2Fwp%2Fv2%2Fcomments&post=189"}],"version-history":[{"count":122,"href":"https:\/\/www.sportcentrumrebo.nl\/index.php?rest_route=\/wp\/v2\/pages\/189\/revisions"}],"predecessor-version":[{"id":2057,"href":"https:\/\/www.sportcentrumrebo.nl\/index.php?rest_route=\/wp\/v2\/pages\/189\/revisions\/2057"}],"wp:attachment":[{"href":"https:\/\/www.sportcentrumrebo.nl\/index.php?rest_route=%2Fwp%2Fv2%2Fmedia&parent=189"}],"curies":[{"name":"wp","href":"https:\/\/api.w.org\/{rel}","templated":true}]}}